{"id":122,"date":"2024-12-17T09:49:32","date_gmt":"2024-12-17T12:49:32","guid":{"rendered":"http:\/\/10.101.10.196\/xxivcac\/?page_id=122"},"modified":"2025-11-12T08:48:48","modified_gmt":"2025-11-12T11:48:48","slug":"comite-cientifico","status":"publish","type":"page","link":"https:\/\/xxivcac.fica.unsl.edu.ar\/index.php\/comite-cientifico\/","title":{"rendered":"Comit\u00e9 Cient\u00edfico"},"content":{"rendered":"\t\t<div data-elementor-type=\"wp-page\" data-elementor-id=\"122\" class=\"elementor elementor-122\">\n\t\t\t\t<div class=\"elementor-element elementor-element-0ea4924 e-con-full e-flex e-con e-parent\" data-id=\"0ea4924\" data-element_type=\"container\" data-settings=\"{&quot;background_background&quot;:&quot;gradient&quot;}\">\n\t\t\t\t<div class=\"elementor-element elementor-element-2fec22f exad-sticky-section-no exad-glass-effect-no elementor-widget elementor-widget-text-editor\" data-id=\"2fec22f\" data-element_type=\"widget\" data-widget_type=\"text-editor.default\">\n\t\t\t\t<div class=\"elementor-widget-container\">\n\t\t\t\t\t\t\t\t\t<p>Comit\u00e9 Cient\u00edfico<\/p>\t\t\t\t\t\t\t\t<\/div>\n\t\t\t\t<\/div>\n\t\t\t\t<\/div>\n\t\t<div class=\"elementor-element elementor-element-95f533b e-con-full e-flex e-con e-parent\" data-id=\"95f533b\" data-element_type=\"container\">\n\t\t<div class=\"elementor-element elementor-element-900dc2d e-grid e-con-boxed e-con e-child\" data-id=\"900dc2d\" data-element_type=\"container\">\n\t\t\t\t\t<div class=\"e-con-inner\">\n\t\t\t\t<div data-eael-wrapper-link=\"{&quot;url&quot;:&quot;https:\\\/\\\/drive.google.com\\\/file\\\/d\\\/1Da4O1zv4xsTMp1LBuxjIT0fRHLn9oaGP\\\/view?usp=drive_link&quot;,&quot;is_external&quot;:&quot;&quot;,&quot;nofollow&quot;:&quot;&quot;}\" class=\"eael-non-traditional-link elementor-element elementor-element-d52d006 exad-sticky-section-no exad-glass-effect-no elementor-widget elementor-widget-elementskit-team\" data-id=\"d52d006\" data-element_type=\"widget\" data-widget_type=\"elementskit-team.default\">\n\t\t\t\t<div class=\"elementor-widget-container\">\n\t\t\t\t\t<div class=\"ekit-wid-con\">\n\t\t\t\t\t\t\t\t\t\t\t\t\t\t\t\t\t\t\t <div class=\"image-card-v2 style-circle\"> \t\t\t\t\t<div class=\"profile-image-card elementor-animation- ekit-team-img ekit-team-style-overlay_circle_hover text-center\">\n\n\t\t\t\t\t\t\t\t\t\t\t\t\t<img fetchpriority=\"high\" decoding=\"async\" width=\"360\" height=\"360\" src=\"https:\/\/xxivcac.fica.unsl.edu.ar\/wp-content\/uploads\/2024\/12\/Bibiana-Barbero.jpg\" class=\"attachment-large size-large wp-image-289\" alt=\"\" srcset=\"https:\/\/xxivcac.fica.unsl.edu.ar\/wp-content\/uploads\/2024\/12\/Bibiana-Barbero.jpg 360w, https:\/\/xxivcac.fica.unsl.edu.ar\/wp-content\/uploads\/2024\/12\/Bibiana-Barbero-300x300.jpg 300w, https:\/\/xxivcac.fica.unsl.edu.ar\/wp-content\/uploads\/2024\/12\/Bibiana-Barbero-150x150.jpg 150w\" sizes=\"(max-width: 360px) 100vw, 360px\" \/>\t\t\t\t\t\t\t\t\t\t\t\t<div class=\"hover-area\">\n\t\t\t\t\t\t\t<div class=\"profile-body\">\n\t\t\t\t\t\t\t\t<h2 class=\"profile-title\">\n\t\t\t\t\t\t\t\t\t\t\t\t\t\t\t\t\tDra. Bibiana Barbero\t\t\t\t\t\t\t\t\t\t\t\t\t\t\t\t<\/h2>\n\t\t\t\t\t\t\t\t<p class=\"profile-designation\"><\/p>\n\t\t\t\t\t\t\t\t\t\t\t\t\t\t\t<\/div>\n\t\t\t\t\t\t\t\t\t\t\t\t\t<\/div>\n\t\t\t\t\t<\/div>\n\t\t\t\t\t <\/div> \n\t\t\t\t\n\t\t\t\t<\/div>\t\t\t\t<\/div>\n\t\t\t\t<\/div>\n\t\t\t\t<div class=\"elementor-element elementor-element-95977f4 exad-sticky-section-no exad-glass-effect-no elementor-widget elementor-widget-text-editor\" data-id=\"95977f4\" data-element_type=\"widget\" data-widget_type=\"text-editor.default\">\n\t\t\t\t<div class=\"elementor-widget-container\">\n\t\t\t\t\t\t\t\t\t<p style=\"text-align: center;\"><strong>Presidente:<\/strong><br \/>Dra. Bibiana Barbero<\/p>\t\t\t\t\t\t\t\t<\/div>\n\t\t\t\t<\/div>\n\t\t<div class=\"elementor-element elementor-element-52f817b e-grid e-con-full e-con e-child\" data-id=\"52f817b\" data-element_type=\"container\">\n\t\t\t\t<div class=\"exad-link-anything-wrapper elementor-element elementor-element-81335de exad-sticky-section-no exad-glass-effect-no elementor-widget elementor-widget-elementskit-team\" data-exad-element-link=\"{&quot;url&quot;:&quot;https:\\\/\\\/drive.google.com\\\/file\\\/d\\\/1hh9pkTn58yKIWe-BR8u0FyMu5KxwckPe\\\/view?usp=drive_link&quot;,&quot;is_external&quot;:&quot;&quot;,&quot;nofollow&quot;:&quot;&quot;,&quot;custom_attributes&quot;:&quot;&quot;}\" style=\"cursor: pointer\" data-id=\"81335de\" data-element_type=\"widget\" data-widget_type=\"elementskit-team.default\">\n\t\t\t\t<div class=\"elementor-widget-container\">\n\t\t\t\t\t<div class=\"ekit-wid-con\">\n\t\t\t\t\t\t\t\t\t\t\t\t\t\t\t\t\t\t\t <div class=\"image-card-v2 style-circle\"> \t\t\t\t\t<div class=\"profile-image-card elementor-animation- ekit-team-img ekit-team-style-overlay_circle_hover text-center\">\n\n\t\t\t\t\t\t\t\t\t\t\t\t\t<img decoding=\"async\" width=\"843\" height=\"766\" src=\"https:\/\/xxivcac.fica.unsl.edu.ar\/wp-content\/uploads\/2025\/03\/foto-NOELIA-BARROSO-e1741273913986-1024x930.jpg\" class=\"attachment-large size-large wp-image-352\" alt=\"\" srcset=\"https:\/\/xxivcac.fica.unsl.edu.ar\/wp-content\/uploads\/2025\/03\/foto-NOELIA-BARROSO-e1741273913986-1024x930.jpg 1024w, https:\/\/xxivcac.fica.unsl.edu.ar\/wp-content\/uploads\/2025\/03\/foto-NOELIA-BARROSO-e1741273913986-300x272.jpg 300w, https:\/\/xxivcac.fica.unsl.edu.ar\/wp-content\/uploads\/2025\/03\/foto-NOELIA-BARROSO-e1741273913986-768x697.jpg 768w, https:\/\/xxivcac.fica.unsl.edu.ar\/wp-content\/uploads\/2025\/03\/foto-NOELIA-BARROSO-e1741273913986-1536x1395.jpg 1536w, https:\/\/xxivcac.fica.unsl.edu.ar\/wp-content\/uploads\/2025\/03\/foto-NOELIA-BARROSO-e1741273913986.jpg 1564w\" sizes=\"(max-width: 843px) 100vw, 843px\" \/>\t\t\t\t\t\t\t\t\t\t\t\t<div class=\"hover-area\">\n\t\t\t\t\t\t\t<div class=\"profile-body\">\n\t\t\t\t\t\t\t\t<h2 class=\"profile-title\">\n\t\t\t\t\t\t\t\t\t\t\t\t\t\t\t\t\tDra. Noelia Barroso\t\t\t\t\t\t\t\t\t\t\t\t\t\t\t\t<\/h2>\n\t\t\t\t\t\t\t\t<p class=\"profile-designation\"><\/p>\n\t\t\t\t\t\t\t\t\t\t\t\t\t\t\t<\/div>\n\t\t\t\t\t\t\t\t\t\t\t\t\t<\/div>\n\t\t\t\t\t<\/div>\n\t\t\t\t\t <\/div> \n\t\t\t\t\n\t\t\t\t<\/div>\t\t\t\t<\/div>\n\t\t\t\t<\/div>\n\t\t\t\t<div data-eael-wrapper-link=\"{&quot;url&quot;:&quot;https:\\\/\\\/drive.google.com\\\/file\\\/d\\\/1iR8iHJcLsSB_hsCitsdQ2BOWiuZJA3sL\\\/view?usp=drive_link&quot;,&quot;is_external&quot;:&quot;on&quot;,&quot;nofollow&quot;:&quot;&quot;}\" class=\"eael-non-traditional-link elementor-element elementor-element-919ca6b exad-sticky-section-no exad-glass-effect-no elementor-widget elementor-widget-elementskit-team\" data-id=\"919ca6b\" data-element_type=\"widget\" data-widget_type=\"elementskit-team.default\">\n\t\t\t\t<div class=\"elementor-widget-container\">\n\t\t\t\t\t<div class=\"ekit-wid-con\">\n\t\t\t\t\t\t\t\t\t\t\t\t\t\t\t\t\t\t\t <div class=\"image-card-v2 style-circle\"> \t\t\t\t\t<div class=\"profile-image-card elementor-animation- ekit-team-img ekit-team-style-overlay_circle_hover text-center\">\n\n\t\t\t\t\t\t\t\t\t\t\t\t\t<img decoding=\"async\" width=\"843\" height=\"690\" src=\"https:\/\/xxivcac.fica.unsl.edu.ar\/wp-content\/uploads\/2024\/12\/Maria-Laura-Rodriguez-1024x838.jpeg\" class=\"attachment-large size-large wp-image-202\" alt=\"\" srcset=\"https:\/\/xxivcac.fica.unsl.edu.ar\/wp-content\/uploads\/2024\/12\/Maria-Laura-Rodriguez-1024x838.jpeg 1024w, https:\/\/xxivcac.fica.unsl.edu.ar\/wp-content\/uploads\/2024\/12\/Maria-Laura-Rodriguez-300x245.jpeg 300w, https:\/\/xxivcac.fica.unsl.edu.ar\/wp-content\/uploads\/2024\/12\/Maria-Laura-Rodriguez-768x628.jpeg 768w, https:\/\/xxivcac.fica.unsl.edu.ar\/wp-content\/uploads\/2024\/12\/Maria-Laura-Rodriguez.jpeg 1094w\" sizes=\"(max-width: 843px) 100vw, 843px\" \/>\t\t\t\t\t\t\t\t\t\t\t\t<div class=\"hover-area\">\n\t\t\t\t\t\t\t<div class=\"profile-body\">\n\t\t\t\t\t\t\t\t<h2 class=\"profile-title\">\n\t\t\t\t\t\t\t\t\t\t\t\t\t\t\t\t\tDra. Rodriguez, Mar\u00eda Laura\t\t\t\t\t\t\t\t\t\t\t\t\t\t\t\t<\/h2>\n\t\t\t\t\t\t\t\t<p class=\"profile-designation\"><\/p>\n\t\t\t\t\t\t\t\t\t\t\t\t\t\t\t<\/div>\n\t\t\t\t\t\t\t\t\t\t\t\t\t<\/div>\n\t\t\t\t\t<\/div>\n\t\t\t\t\t <\/div> \n\t\t\t\t\n\t\t\t\t<\/div>\t\t\t\t<\/div>\n\t\t\t\t<\/div>\n\t\t\t\t<\/div>\n\t\t<div class=\"elementor-element elementor-element-de33d1e e-grid e-con-full e-con e-child\" data-id=\"de33d1e\" data-element_type=\"container\">\n\t\t\t\t<div class=\"elementor-element elementor-element-89fc104 exad-sticky-section-no exad-glass-effect-no elementor-widget elementor-widget-text-editor\" data-id=\"89fc104\" data-element_type=\"widget\" data-widget_type=\"text-editor.default\">\n\t\t\t\t<div class=\"elementor-widget-container\">\n\t\t\t\t\t\t\t\t\t<p style=\"text-align: center;\"><strong>Vicepresidente:<\/strong><br \/>Dra. Noelia Barroso<\/p>\t\t\t\t\t\t\t\t<\/div>\n\t\t\t\t<\/div>\n\t\t\t\t<div class=\"elementor-element elementor-element-e8af04c exad-sticky-section-no exad-glass-effect-no elementor-widget elementor-widget-text-editor\" data-id=\"e8af04c\" data-element_type=\"widget\" data-widget_type=\"text-editor.default\">\n\t\t\t\t<div class=\"elementor-widget-container\">\n\t\t\t\t\t\t\t\t\t<p style=\"text-align: center;\"><strong>Vicepresidente:<\/strong><br \/>Dra. Mar\u00eda Laura Rodriguez<\/p>\t\t\t\t\t\t\t\t<\/div>\n\t\t\t\t<\/div>\n\t\t\t\t<\/div>\n\t\t\t\t\t<\/div>\n\t\t\t\t<\/div>\n\t\t<div class=\"elementor-element elementor-element-d15a8b5 e-grid e-con-boxed e-con e-child\" data-id=\"d15a8b5\" data-element_type=\"container\">\n\t\t\t\t\t<div class=\"e-con-inner\">\n\t\t\t\t<div class=\"elementor-element elementor-element-e824ef0 exad-sticky-section-no exad-glass-effect-no elementor-widget elementor-widget-text-editor\" data-id=\"e824ef0\" data-element_type=\"widget\" data-widget_type=\"text-editor.default\">\n\t\t\t\t<div class=\"elementor-widget-container\">\n\t\t\t\t\t\t\t\t\t<p><strong>Vocales:<\/strong><\/p>\t\t\t\t\t\t\t\t<\/div>\n\t\t\t\t<\/div>\n\t\t\t\t<div class=\"elementor-element elementor-element-6e96c5c elementor-widget-divider--view-line exad-sticky-section-no exad-glass-effect-no elementor-widget elementor-widget-divider\" data-id=\"6e96c5c\" data-element_type=\"widget\" data-widget_type=\"divider.default\">\n\t\t\t\t<div class=\"elementor-widget-container\">\n\t\t\t\t\t\t\t<div class=\"elementor-divider\">\n\t\t\t<span class=\"elementor-divider-separator\">\n\t\t\t\t\t\t<\/span>\n\t\t<\/div>\n\t\t\t\t\t\t<\/div>\n\t\t\t\t<\/div>\n\t\t\t\t\t<\/div>\n\t\t\t\t<\/div>\n\t\t<div class=\"elementor-element elementor-element-10ef533 e-grid e-con-boxed e-con e-child\" data-id=\"10ef533\" data-element_type=\"container\">\n\t\t\t\t\t<div class=\"e-con-inner\">\n\t\t\t\t<div class=\"exad-link-anything-wrapper eael-non-traditional-link elementor-element elementor-element-a35891a exad-sticky-section-no exad-glass-effect-no elementor-widget elementor-widget-elementskit-team\" data-exad-element-link=\"{&quot;url&quot;:&quot;https:\\\/\\\/drive.google.com\\\/file\\\/d\\\/1XJqSxweRx653lCVhbq_YWnB5pNZYR6ZB\\\/view?usp=drive_link&quot;,&quot;is_external&quot;:&quot;on&quot;,&quot;nofollow&quot;:&quot;&quot;,&quot;custom_attributes&quot;:&quot;&quot;}\" style=\"cursor: pointer\" data-eael-wrapper-link=\"{&quot;url&quot;:&quot;https:\\\/\\\/drive.google.com\\\/file\\\/d\\\/1XJqSxweRx653lCVhbq_YWnB5pNZYR6ZB\\\/view?usp=drive_link&quot;,&quot;is_external&quot;:&quot;on&quot;,&quot;nofollow&quot;:&quot;&quot;}\" data-id=\"a35891a\" data-element_type=\"widget\" data-widget_type=\"elementskit-team.default\">\n\t\t\t\t<div class=\"elementor-widget-container\">\n\t\t\t\t\t<div class=\"ekit-wid-con\">\n\t\t\t\t\t\t\t\t\t\t\t\t\t\t\t\t\t\t\t <div class=\"image-card-v2 style-circle\"> \t\t\t\t\t<div class=\"profile-image-card elementor-animation- ekit-team-img ekit-team-style-overlay_circle_hover text-center\">\n\n\t\t\t\t\t\t\t\t\t\t\t\t\t<img loading=\"lazy\" decoding=\"async\" width=\"768\" height=\"1024\" src=\"https:\/\/xxivcac.fica.unsl.edu.ar\/wp-content\/uploads\/2024\/12\/DeliciaAcosta-DELICIA-ACOSTA.jpg\" class=\"attachment-large size-large wp-image-189\" alt=\"\" srcset=\"https:\/\/xxivcac.fica.unsl.edu.ar\/wp-content\/uploads\/2024\/12\/DeliciaAcosta-DELICIA-ACOSTA.jpg 768w, https:\/\/xxivcac.fica.unsl.edu.ar\/wp-content\/uploads\/2024\/12\/DeliciaAcosta-DELICIA-ACOSTA-225x300.jpg 225w\" sizes=\"(max-width: 768px) 100vw, 768px\" \/>\t\t\t\t\t\t\t\t\t\t\t\t<div class=\"hover-area\">\n\t\t\t\t\t\t\t<div class=\"profile-body\">\n\t\t\t\t\t\t\t\t<h2 class=\"profile-title\">\n\t\t\t\t\t\t\t\t\t\t\t\t\t\t\t\t\tDra. Acosta, Delicia\t\t\t\t\t\t\t\t\t\t\t\t\t\t\t\t<\/h2>\n\t\t\t\t\t\t\t\t<p class=\"profile-designation\"><\/p>\n\t\t\t\t\t\t\t\t\t\t\t\t\t\t\t<\/div>\n\t\t\t\t\t\t\t\t\t\t\t\t\t<\/div>\n\t\t\t\t\t<\/div>\n\t\t\t\t\t <\/div> \n\t\t\t\t\n\t\t\t\t<\/div>\t\t\t\t<\/div>\n\t\t\t\t<\/div>\n\t\t\t\t<div class=\"exad-link-anything-wrapper elementor-element elementor-element-4e07762 exad-sticky-section-no exad-glass-effect-no elementor-widget elementor-widget-elementskit-team\" data-exad-element-link=\"{&quot;url&quot;:&quot;https:\\\/\\\/drive.google.com\\\/file\\\/d\\\/1kbkepDXCoIKQUrd7NNnTcISXdMtcfhi7\\\/view?usp=drive_link&quot;,&quot;is_external&quot;:&quot;&quot;,&quot;nofollow&quot;:&quot;&quot;,&quot;custom_attributes&quot;:&quot;&quot;}\" style=\"cursor: pointer\" data-id=\"4e07762\" data-element_type=\"widget\" data-widget_type=\"elementskit-team.default\">\n\t\t\t\t<div class=\"elementor-widget-container\">\n\t\t\t\t\t<div class=\"ekit-wid-con\">\n\t\t\t\t\t\t\t\t\t\t\t\t\t\t\t\t\t\t\t <div class=\"image-card-v2 style-circle\"> \t\t\t\t\t<div class=\"profile-image-card elementor-animation- ekit-team-img ekit-team-style-overlay_circle_hover text-center\">\n\n\t\t\t\t\t\t\t\t\t\t\t\t\t<img loading=\"lazy\" decoding=\"async\" width=\"768\" height=\"1024\" src=\"https:\/\/xxivcac.fica.unsl.edu.ar\/wp-content\/uploads\/2025\/06\/Foto-Monica-Farfan-Torres-768x1024.jpg\" class=\"attachment-large size-large wp-image-524\" alt=\"\" srcset=\"https:\/\/xxivcac.fica.unsl.edu.ar\/wp-content\/uploads\/2025\/06\/Foto-Monica-Farfan-Torres-768x1024.jpg 768w, https:\/\/xxivcac.fica.unsl.edu.ar\/wp-content\/uploads\/2025\/06\/Foto-Monica-Farfan-Torres-225x300.jpg 225w, https:\/\/xxivcac.fica.unsl.edu.ar\/wp-content\/uploads\/2025\/06\/Foto-Monica-Farfan-Torres.jpg 960w\" sizes=\"(max-width: 768px) 100vw, 768px\" \/>\t\t\t\t\t\t\t\t\t\t\t\t<div class=\"hover-area\">\n\t\t\t\t\t\t\t<div class=\"profile-body\">\n\t\t\t\t\t\t\t\t<h2 class=\"profile-title\">\n\t\t\t\t\t\t\t\t\t\t\t\t\t\t\t\t\tDra. Farf\u00e1n Torres, Elsa M\u00f3nica\t\t\t\t\t\t\t\t\t\t\t\t\t\t\t\t<\/h2>\n\t\t\t\t\t\t\t\t<p class=\"profile-designation\"><\/p>\n\t\t\t\t\t\t\t\t\t\t\t\t\t\t\t<\/div>\n\t\t\t\t\t\t\t\t\t\t\t\t\t<\/div>\n\t\t\t\t\t<\/div>\n\t\t\t\t\t <\/div> \n\t\t\t\t\n\t\t\t\t<\/div>\t\t\t\t<\/div>\n\t\t\t\t<\/div>\n\t\t\t\t<div class=\"elementor-element elementor-element-adf4738 exad-sticky-section-no exad-glass-effect-no elementor-widget elementor-widget-elementskit-team\" data-id=\"adf4738\" data-element_type=\"widget\" data-widget_type=\"elementskit-team.default\">\n\t\t\t\t<div class=\"elementor-widget-container\">\n\t\t\t\t\t<div class=\"ekit-wid-con\">\n\t\t\t\t\t\t\t\t\t\t\t\t\t\t\t\t\t\t\t <div class=\"image-card-v2 style-circle\"> \t\t\t\t\t<div class=\"profile-image-card elementor-animation- ekit-team-img ekit-team-style-overlay_circle_hover text-center\">\n\n\t\t\t\t\t\t\t\t\t\t\t\t\t<img loading=\"lazy\" decoding=\"async\" width=\"719\" height=\"1024\" src=\"https:\/\/xxivcac.fica.unsl.edu.ar\/wp-content\/uploads\/2024\/12\/Maria-Laura-Dieuzeide-719x1024.jpeg\" class=\"attachment-large size-large wp-image-201\" alt=\"\" srcset=\"https:\/\/xxivcac.fica.unsl.edu.ar\/wp-content\/uploads\/2024\/12\/Maria-Laura-Dieuzeide-719x1024.jpeg 719w, https:\/\/xxivcac.fica.unsl.edu.ar\/wp-content\/uploads\/2024\/12\/Maria-Laura-Dieuzeide-211x300.jpeg 211w, https:\/\/xxivcac.fica.unsl.edu.ar\/wp-content\/uploads\/2024\/12\/Maria-Laura-Dieuzeide-768x1093.jpeg 768w, https:\/\/xxivcac.fica.unsl.edu.ar\/wp-content\/uploads\/2024\/12\/Maria-Laura-Dieuzeide.jpeg 899w\" sizes=\"(max-width: 719px) 100vw, 719px\" \/>\t\t\t\t\t\t\t\t\t\t\t\t<div class=\"hover-area\">\n\t\t\t\t\t\t\t<div class=\"profile-body\">\n\t\t\t\t\t\t\t\t<h2 class=\"profile-title\">\n\t\t\t\t\t\t\t\t\t\t\t\t\t\t\t\t\tDra. Dieuzeide, Mar\u00eda Laura\t\t\t\t\t\t\t\t\t\t\t\t\t\t\t\t<\/h2>\n\t\t\t\t\t\t\t\t<p class=\"profile-designation\"><\/p>\n\t\t\t\t\t\t\t\t\t\t\t\t\t\t\t<\/div>\n\t\t\t\t\t\t\t\t\t\t\t\t\t<\/div>\n\t\t\t\t\t<\/div>\n\t\t\t\t\t <\/div> \n\t\t\t\t\n\t\t\t\t<\/div>\t\t\t\t<\/div>\n\t\t\t\t<\/div>\n\t\t\t\t<div class=\"elementor-element elementor-element-2c888e9 exad-sticky-section-no exad-glass-effect-no elementor-widget elementor-widget-elementskit-team\" data-id=\"2c888e9\" data-element_type=\"widget\" data-widget_type=\"elementskit-team.default\">\n\t\t\t\t<div class=\"elementor-widget-container\">\n\t\t\t\t\t<div class=\"ekit-wid-con\">\n\t\t\t\t\t\t\t\t\t\t\t\t\t\t\t\t\t\t\t <div class=\"image-card-v2 style-circle\"> \t\t\t\t\t<div class=\"profile-image-card elementor-animation- ekit-team-img ekit-team-style-overlay_circle_hover text-center\">\n\n\t\t\t\t\t\t\t\t\t\t\t\t\t<img loading=\"lazy\" decoding=\"async\" width=\"796\" height=\"795\" src=\"https:\/\/xxivcac.fica.unsl.edu.ar\/wp-content\/uploads\/2024\/12\/FERNANDO-JAVIER-MARI_O.png\" class=\"attachment-large size-large wp-image-192\" alt=\"\" srcset=\"https:\/\/xxivcac.fica.unsl.edu.ar\/wp-content\/uploads\/2024\/12\/FERNANDO-JAVIER-MARI_O.png 796w, https:\/\/xxivcac.fica.unsl.edu.ar\/wp-content\/uploads\/2024\/12\/FERNANDO-JAVIER-MARI_O-300x300.png 300w, https:\/\/xxivcac.fica.unsl.edu.ar\/wp-content\/uploads\/2024\/12\/FERNANDO-JAVIER-MARI_O-150x150.png 150w, https:\/\/xxivcac.fica.unsl.edu.ar\/wp-content\/uploads\/2024\/12\/FERNANDO-JAVIER-MARI_O-768x767.png 768w\" sizes=\"(max-width: 796px) 100vw, 796px\" \/>\t\t\t\t\t\t\t\t\t\t\t\t<div class=\"hover-area\">\n\t\t\t\t\t\t\t<div class=\"profile-body\">\n\t\t\t\t\t\t\t\t<h2 class=\"profile-title\">\n\t\t\t\t\t\t\t\t\t\t\t\t\t\t\t\t\tDr. Mari\u00f1o, Fernando Javier\t\t\t\t\t\t\t\t\t\t\t\t\t\t\t\t<\/h2>\n\t\t\t\t\t\t\t\t<p class=\"profile-designation\"><\/p>\n\t\t\t\t\t\t\t\t\t\t\t\t\t\t\t<\/div>\n\t\t\t\t\t\t\t\t\t\t\t\t\t<\/div>\n\t\t\t\t\t<\/div>\n\t\t\t\t\t <\/div> \n\t\t\t\t\n\t\t\t\t<\/div>\t\t\t\t<\/div>\n\t\t\t\t<\/div>\n\t\t\t\t<div class=\"elementor-element elementor-element-827f222 exad-sticky-section-no exad-glass-effect-no elementor-widget elementor-widget-elementskit-team\" data-id=\"827f222\" data-element_type=\"widget\" data-widget_type=\"elementskit-team.default\">\n\t\t\t\t<div class=\"elementor-widget-container\">\n\t\t\t\t\t<div class=\"ekit-wid-con\">\n\t\t\t\t\t\t\t\t\t\t\t\t\t\t\t\t\t\t\t <div class=\"image-card-v2 style-circle\"> \t\t\t\t\t<div class=\"profile-image-card elementor-animation- ekit-team-img ekit-team-style-overlay_circle_hover text-center\">\n\n\t\t\t\t\t\t\t\t\t\t\t\t\t<img loading=\"lazy\" decoding=\"async\" width=\"843\" height=\"843\" src=\"https:\/\/xxivcac.fica.unsl.edu.ar\/wp-content\/uploads\/2024\/12\/Laura-Briand.jpg\" class=\"attachment-large size-large wp-image-200\" alt=\"\" srcset=\"https:\/\/xxivcac.fica.unsl.edu.ar\/wp-content\/uploads\/2024\/12\/Laura-Briand.jpg 961w, https:\/\/xxivcac.fica.unsl.edu.ar\/wp-content\/uploads\/2024\/12\/Laura-Briand-300x300.jpg 300w, https:\/\/xxivcac.fica.unsl.edu.ar\/wp-content\/uploads\/2024\/12\/Laura-Briand-150x150.jpg 150w, https:\/\/xxivcac.fica.unsl.edu.ar\/wp-content\/uploads\/2024\/12\/Laura-Briand-768x768.jpg 768w\" sizes=\"(max-width: 843px) 100vw, 843px\" \/>\t\t\t\t\t\t\t\t\t\t\t\t<div class=\"hover-area\">\n\t\t\t\t\t\t\t<div class=\"profile-body\">\n\t\t\t\t\t\t\t\t<h2 class=\"profile-title\">\n\t\t\t\t\t\t\t\t\t\t\t\t\t\t\t\t\tDra. Briand, Laura Estefan\u00eda\t\t\t\t\t\t\t\t\t\t\t\t\t\t\t\t<\/h2>\n\t\t\t\t\t\t\t\t<p class=\"profile-designation\"><\/p>\n\t\t\t\t\t\t\t\t\t\t\t\t\t\t\t<\/div>\n\t\t\t\t\t\t\t\t\t\t\t\t\t<\/div>\n\t\t\t\t\t<\/div>\n\t\t\t\t\t <\/div> \n\t\t\t\t\n\t\t\t\t<\/div>\t\t\t\t<\/div>\n\t\t\t\t<\/div>\n\t\t\t\t<div class=\"elementor-element elementor-element-37f377d exad-sticky-section-no exad-glass-effect-no elementor-widget elementor-widget-elementskit-team\" data-id=\"37f377d\" data-element_type=\"widget\" data-widget_type=\"elementskit-team.default\">\n\t\t\t\t<div class=\"elementor-widget-container\">\n\t\t\t\t\t<div class=\"ekit-wid-con\">\n\t\t\t\t\t\t\t\t\t\t\t\t\t\t\t\t\t\t\t <div class=\"image-card-v2 style-circle\"> \t\t\t\t\t<div class=\"profile-image-card elementor-animation- ekit-team-img ekit-team-style-overlay_circle_hover text-center\">\n\n\t\t\t\t\t\t\t\t\t\t\t\t\t<img loading=\"lazy\" decoding=\"async\" width=\"612\" height=\"489\" src=\"https:\/\/xxivcac.fica.unsl.edu.ar\/wp-content\/uploads\/2024\/12\/people.jpg\" class=\"attachment-large size-large wp-image-226\" alt=\"\" srcset=\"https:\/\/xxivcac.fica.unsl.edu.ar\/wp-content\/uploads\/2024\/12\/people.jpg 612w, https:\/\/xxivcac.fica.unsl.edu.ar\/wp-content\/uploads\/2024\/12\/people-300x240.jpg 300w\" sizes=\"(max-width: 612px) 100vw, 612px\" \/>\t\t\t\t\t\t\t\t\t\t\t\t<div class=\"hover-area\">\n\t\t\t\t\t\t\t<div class=\"profile-body\">\n\t\t\t\t\t\t\t\t<h2 class=\"profile-title\">\n\t\t\t\t\t\t\t\t\t\t\t\t\t\t\t\t\tDr. Pompeo, Francisco\t\t\t\t\t\t\t\t\t\t\t\t\t\t\t\t<\/h2>\n\t\t\t\t\t\t\t\t<p class=\"profile-designation\"><\/p>\n\t\t\t\t\t\t\t\t\t\t\t\t\t\t\t<\/div>\n\t\t\t\t\t\t\t\t\t\t\t\t\t<\/div>\n\t\t\t\t\t<\/div>\n\t\t\t\t\t <\/div> \n\t\t\t\t\n\t\t\t\t<\/div>\t\t\t\t<\/div>\n\t\t\t\t<\/div>\n\t\t\t\t<div class=\"elementor-element elementor-element-454fea5 exad-sticky-section-no exad-glass-effect-no elementor-widget elementor-widget-elementskit-team\" data-id=\"454fea5\" data-element_type=\"widget\" data-widget_type=\"elementskit-team.default\">\n\t\t\t\t<div class=\"elementor-widget-container\">\n\t\t\t\t\t<div class=\"ekit-wid-con\">\n\t\t\t\t\t\t\t\t\t\t\t\t\t\t\t\t\t\t\t <div class=\"image-card-v2 style-circle\"> \t\t\t\t\t<div class=\"profile-image-card elementor-animation- ekit-team-img ekit-team-style-overlay_circle_hover text-center\">\n\n\t\t\t\t\t\t\t\t\t\t\t\t\t<img loading=\"lazy\" decoding=\"async\" width=\"612\" height=\"489\" src=\"https:\/\/xxivcac.fica.unsl.edu.ar\/wp-content\/uploads\/2024\/12\/people.jpg\" class=\"attachment-large size-large wp-image-226\" alt=\"\" srcset=\"https:\/\/xxivcac.fica.unsl.edu.ar\/wp-content\/uploads\/2024\/12\/people.jpg 612w, https:\/\/xxivcac.fica.unsl.edu.ar\/wp-content\/uploads\/2024\/12\/people-300x240.jpg 300w\" sizes=\"(max-width: 612px) 100vw, 612px\" \/>\t\t\t\t\t\t\t\t\t\t\t\t<div class=\"hover-area\">\n\t\t\t\t\t\t\t<div class=\"profile-body\">\n\t\t\t\t\t\t\t\t<h2 class=\"profile-title\">\n\t\t\t\t\t\t\t\t\t\t\t\t\t\t\t\t\tDra. Lick, Ileana Daniela\t\t\t\t\t\t\t\t\t\t\t\t\t\t\t\t<\/h2>\n\t\t\t\t\t\t\t\t<p class=\"profile-designation\"><\/p>\n\t\t\t\t\t\t\t\t\t\t\t\t\t\t\t<\/div>\n\t\t\t\t\t\t\t\t\t\t\t\t\t<\/div>\n\t\t\t\t\t<\/div>\n\t\t\t\t\t <\/div> \n\t\t\t\t\n\t\t\t\t<\/div>\t\t\t\t<\/div>\n\t\t\t\t<\/div>\n\t\t\t\t\t<\/div>\n\t\t\t\t<\/div>\n\t\t<div class=\"elementor-element elementor-element-0eebe19 e-grid e-con-boxed e-con e-child\" data-id=\"0eebe19\" data-element_type=\"container\">\n\t\t\t\t\t<div class=\"e-con-inner\">\n\t\t\t\t<div class=\"elementor-element elementor-element-ed4f80c exad-sticky-section-no exad-glass-effect-no elementor-widget elementor-widget-elementskit-team\" data-id=\"ed4f80c\" data-element_type=\"widget\" data-widget_type=\"elementskit-team.default\">\n\t\t\t\t<div class=\"elementor-widget-container\">\n\t\t\t\t\t<div class=\"ekit-wid-con\">\n\t\t\t\t\t\t\t\t\t\t\t\t\t\t\t\t\t\t\t <div class=\"image-card-v2 style-circle\"> \t\t\t\t\t<div class=\"profile-image-card elementor-animation- ekit-team-img ekit-team-style-overlay_circle_hover text-center\">\n\n\t\t\t\t\t\t\t\t\t\t\t\t\t<img loading=\"lazy\" decoding=\"async\" width=\"840\" height=\"1024\" src=\"https:\/\/xxivcac.fica.unsl.edu.ar\/wp-content\/uploads\/2024\/12\/Javier_Mariani-Javier-Mariani-840x1024.jpg\" class=\"attachment-large size-large wp-image-196\" alt=\"\" srcset=\"https:\/\/xxivcac.fica.unsl.edu.ar\/wp-content\/uploads\/2024\/12\/Javier_Mariani-Javier-Mariani-840x1024.jpg 840w, https:\/\/xxivcac.fica.unsl.edu.ar\/wp-content\/uploads\/2024\/12\/Javier_Mariani-Javier-Mariani-246x300.jpg 246w, https:\/\/xxivcac.fica.unsl.edu.ar\/wp-content\/uploads\/2024\/12\/Javier_Mariani-Javier-Mariani-768x937.jpg 768w, https:\/\/xxivcac.fica.unsl.edu.ar\/wp-content\/uploads\/2024\/12\/Javier_Mariani-Javier-Mariani-1260x1536.jpg 1260w, https:\/\/xxivcac.fica.unsl.edu.ar\/wp-content\/uploads\/2024\/12\/Javier_Mariani-Javier-Mariani-1679x2048.jpg 1679w\" sizes=\"(max-width: 840px) 100vw, 840px\" \/>\t\t\t\t\t\t\t\t\t\t\t\t<div class=\"hover-area\">\n\t\t\t\t\t\t\t<div class=\"profile-body\">\n\t\t\t\t\t\t\t\t<h2 class=\"profile-title\">\n\t\t\t\t\t\t\t\t\t\t\t\t\t\t\t\t\tDr. Mariani, N\u00e9stor Javier\t\t\t\t\t\t\t\t\t\t\t\t\t\t\t\t<\/h2>\n\t\t\t\t\t\t\t\t<p class=\"profile-designation\"><\/p>\n\t\t\t\t\t\t\t\t\t\t\t\t\t\t\t<\/div>\n\t\t\t\t\t\t\t\t\t\t\t\t\t<\/div>\n\t\t\t\t\t<\/div>\n\t\t\t\t\t <\/div> \n\t\t\t\t\n\t\t\t\t<\/div>\t\t\t\t<\/div>\n\t\t\t\t<\/div>\n\t\t\t\t<div class=\"exad-link-anything-wrapper elementor-element elementor-element-2cecc19 exad-sticky-section-no exad-glass-effect-no elementor-widget elementor-widget-elementskit-team\" data-exad-element-link=\"{&quot;url&quot;:&quot;https:\\\/\\\/drive.google.com\\\/file\\\/d\\\/1sRWhu3PX2yGOtbYX5AKHtp2FhYqmQB5B\\\/view?usp=drive_link&quot;,&quot;is_external&quot;:&quot;&quot;,&quot;nofollow&quot;:&quot;&quot;,&quot;custom_attributes&quot;:&quot;&quot;}\" style=\"cursor: pointer\" data-id=\"2cecc19\" data-element_type=\"widget\" data-widget_type=\"elementskit-team.default\">\n\t\t\t\t<div class=\"elementor-widget-container\">\n\t\t\t\t\t<div class=\"ekit-wid-con\">\n\t\t\t\t\t\t\t\t\t\t\t\t\t\t\t\t\t\t\t <div class=\"image-card-v2 style-circle\"> \t\t\t\t\t<div class=\"profile-image-card elementor-animation- ekit-team-img ekit-team-style-overlay_circle_hover text-center\">\n\n\t\t\t\t\t\t\t\t\t\t\t\t\t<img loading=\"lazy\" decoding=\"async\" width=\"794\" height=\"1024\" src=\"https:\/\/xxivcac.fica.unsl.edu.ar\/wp-content\/uploads\/2025\/03\/Foto-Julian-Rengifo-794x1024.jpg\" class=\"attachment-large size-large wp-image-358\" alt=\"\" srcset=\"https:\/\/xxivcac.fica.unsl.edu.ar\/wp-content\/uploads\/2025\/03\/Foto-Julian-Rengifo-794x1024.jpg 794w, https:\/\/xxivcac.fica.unsl.edu.ar\/wp-content\/uploads\/2025\/03\/Foto-Julian-Rengifo-232x300.jpg 232w, https:\/\/xxivcac.fica.unsl.edu.ar\/wp-content\/uploads\/2025\/03\/Foto-Julian-Rengifo-768x991.jpg 768w, https:\/\/xxivcac.fica.unsl.edu.ar\/wp-content\/uploads\/2025\/03\/Foto-Julian-Rengifo-1190x1536.jpg 1190w, https:\/\/xxivcac.fica.unsl.edu.ar\/wp-content\/uploads\/2025\/03\/Foto-Julian-Rengifo.jpg 1205w\" sizes=\"(max-width: 794px) 100vw, 794px\" \/>\t\t\t\t\t\t\t\t\t\t\t\t<div class=\"hover-area\">\n\t\t\t\t\t\t\t<div class=\"profile-body\">\n\t\t\t\t\t\t\t\t<h2 class=\"profile-title\">\n\t\t\t\t\t\t\t\t\t\t\t\t\t\t\t\t\tDr. Rengifo Herrera, Juli\u00e1n Andr\u00e9s\t\t\t\t\t\t\t\t\t\t\t\t\t\t\t\t<\/h2>\n\t\t\t\t\t\t\t\t<p class=\"profile-designation\"><\/p>\n\t\t\t\t\t\t\t\t\t\t\t\t\t\t\t<\/div>\n\t\t\t\t\t\t\t\t\t\t\t\t\t<\/div>\n\t\t\t\t\t<\/div>\n\t\t\t\t\t <\/div> \n\t\t\t\t\n\t\t\t\t<\/div>\t\t\t\t<\/div>\n\t\t\t\t<\/div>\n\t\t\t\t<div class=\"elementor-element elementor-element-6db5215 exad-sticky-section-no exad-glass-effect-no elementor-widget elementor-widget-elementskit-team\" data-id=\"6db5215\" data-element_type=\"widget\" data-widget_type=\"elementskit-team.default\">\n\t\t\t\t<div class=\"elementor-widget-container\">\n\t\t\t\t\t<div class=\"ekit-wid-con\">\n\t\t\t\t\t\t\t\t\t\t\t\t\t\t\t\t\t\t\t <div class=\"image-card-v2 style-circle\"> \t\t\t\t\t<div class=\"profile-image-card elementor-animation- ekit-team-img ekit-team-style-overlay_circle_hover text-center\">\n\n\t\t\t\t\t\t\t\t\t\t\t\t\t<img loading=\"lazy\" decoding=\"async\" width=\"843\" height=\"1006\" src=\"https:\/\/xxivcac.fica.unsl.edu.ar\/wp-content\/uploads\/2024\/12\/gerardo-Gerardo-Santori-858x1024.jpg\" class=\"attachment-large size-large wp-image-195\" alt=\"\" srcset=\"https:\/\/xxivcac.fica.unsl.edu.ar\/wp-content\/uploads\/2024\/12\/gerardo-Gerardo-Santori-858x1024.jpg 858w, https:\/\/xxivcac.fica.unsl.edu.ar\/wp-content\/uploads\/2024\/12\/gerardo-Gerardo-Santori-251x300.jpg 251w, https:\/\/xxivcac.fica.unsl.edu.ar\/wp-content\/uploads\/2024\/12\/gerardo-Gerardo-Santori-768x916.jpg 768w, https:\/\/xxivcac.fica.unsl.edu.ar\/wp-content\/uploads\/2024\/12\/gerardo-Gerardo-Santori-1287x1536.jpg 1287w, https:\/\/xxivcac.fica.unsl.edu.ar\/wp-content\/uploads\/2024\/12\/gerardo-Gerardo-Santori-1717x2048.jpg 1717w, https:\/\/xxivcac.fica.unsl.edu.ar\/wp-content\/uploads\/2024\/12\/gerardo-Gerardo-Santori.jpg 1725w\" sizes=\"(max-width: 843px) 100vw, 843px\" \/>\t\t\t\t\t\t\t\t\t\t\t\t<div class=\"hover-area\">\n\t\t\t\t\t\t\t<div class=\"profile-body\">\n\t\t\t\t\t\t\t\t<h2 class=\"profile-title\">\n\t\t\t\t\t\t\t\t\t\t\t\t\t\t\t\t\tDr. Santori, Gerardo Fabi\u00e1n\t\t\t\t\t\t\t\t\t\t\t\t\t\t\t\t<\/h2>\n\t\t\t\t\t\t\t\t<p class=\"profile-designation\"><\/p>\n\t\t\t\t\t\t\t\t\t\t\t\t\t\t\t<\/div>\n\t\t\t\t\t\t\t\t\t\t\t\t\t<\/div>\n\t\t\t\t\t<\/div>\n\t\t\t\t\t <\/div> \n\t\t\t\t\n\t\t\t\t<\/div>\t\t\t\t<\/div>\n\t\t\t\t<\/div>\n\t\t\t\t<div class=\"exad-link-anything-wrapper elementor-element elementor-element-b6b329e exad-sticky-section-no exad-glass-effect-no elementor-widget elementor-widget-elementskit-team\" data-exad-element-link=\"{&quot;url&quot;:&quot;https:\\\/\\\/drive.google.com\\\/file\\\/d\\\/1uwppdsgTrTNqiLr02MUW_xpwmtTPx9M2\\\/view?usp=drive_link&quot;,&quot;is_external&quot;:&quot;&quot;,&quot;nofollow&quot;:&quot;&quot;,&quot;custom_attributes&quot;:&quot;&quot;}\" style=\"cursor: pointer\" data-id=\"b6b329e\" data-element_type=\"widget\" data-widget_type=\"elementskit-team.default\">\n\t\t\t\t<div class=\"elementor-widget-container\">\n\t\t\t\t\t<div class=\"ekit-wid-con\">\n\t\t\t\t\t\t\t\t\t\t\t\t\t\t\t\t\t\t\t <div class=\"image-card-v2 style-circle\"> \t\t\t\t\t<div class=\"profile-image-card elementor-animation- ekit-team-img ekit-team-style-overlay_circle_hover text-center\">\n\n\t\t\t\t\t\t\t\t\t\t\t\t\t<img loading=\"lazy\" decoding=\"async\" width=\"640\" height=\"640\" src=\"https:\/\/xxivcac.fica.unsl.edu.ar\/wp-content\/uploads\/2025\/03\/Foto-Sandra-Casuscelli.jpg\" class=\"attachment-large size-large wp-image-354\" alt=\"\" srcset=\"https:\/\/xxivcac.fica.unsl.edu.ar\/wp-content\/uploads\/2025\/03\/Foto-Sandra-Casuscelli.jpg 640w, https:\/\/xxivcac.fica.unsl.edu.ar\/wp-content\/uploads\/2025\/03\/Foto-Sandra-Casuscelli-300x300.jpg 300w, https:\/\/xxivcac.fica.unsl.edu.ar\/wp-content\/uploads\/2025\/03\/Foto-Sandra-Casuscelli-150x150.jpg 150w\" sizes=\"(max-width: 640px) 100vw, 640px\" \/>\t\t\t\t\t\t\t\t\t\t\t\t<div class=\"hover-area\">\n\t\t\t\t\t\t\t<div class=\"profile-body\">\n\t\t\t\t\t\t\t\t<h2 class=\"profile-title\">\n\t\t\t\t\t\t\t\t\t\t\t\t\t\t\t\t\tDra. Casuscelli, Sandra Graciela\t\t\t\t\t\t\t\t\t\t\t\t\t\t\t\t<\/h2>\n\t\t\t\t\t\t\t\t<p class=\"profile-designation\"><\/p>\n\t\t\t\t\t\t\t\t\t\t\t\t\t\t\t<\/div>\n\t\t\t\t\t\t\t\t\t\t\t\t\t<\/div>\n\t\t\t\t\t<\/div>\n\t\t\t\t\t <\/div> \n\t\t\t\t\n\t\t\t\t<\/div>\t\t\t\t<\/div>\n\t\t\t\t<\/div>\n\t\t\t\t<div class=\"elementor-element elementor-element-45c7af3 exad-sticky-section-no exad-glass-effect-no elementor-widget elementor-widget-elementskit-team\" data-id=\"45c7af3\" data-element_type=\"widget\" data-widget_type=\"elementskit-team.default\">\n\t\t\t\t<div class=\"elementor-widget-container\">\n\t\t\t\t\t<div class=\"ekit-wid-con\">\n\t\t\t\t\t\t\t\t\t\t\t\t\t\t\t\t\t\t\t <div class=\"image-card-v2 style-circle\"> \t\t\t\t\t<div class=\"profile-image-card elementor-animation- ekit-team-img ekit-team-style-overlay_circle_hover text-center\">\n\n\t\t\t\t\t\t\t\t\t\t\t\t\t<img loading=\"lazy\" decoding=\"async\" width=\"843\" height=\"847\" src=\"https:\/\/xxivcac.fica.unsl.edu.ar\/wp-content\/uploads\/2024\/12\/Eimer-Griselda-Eimer-1019x1024.jpg\" class=\"attachment-large size-large wp-image-191\" alt=\"\" srcset=\"https:\/\/xxivcac.fica.unsl.edu.ar\/wp-content\/uploads\/2024\/12\/Eimer-Griselda-Eimer-1019x1024.jpg 1019w, https:\/\/xxivcac.fica.unsl.edu.ar\/wp-content\/uploads\/2024\/12\/Eimer-Griselda-Eimer-300x300.jpg 300w, https:\/\/xxivcac.fica.unsl.edu.ar\/wp-content\/uploads\/2024\/12\/Eimer-Griselda-Eimer-150x150.jpg 150w, https:\/\/xxivcac.fica.unsl.edu.ar\/wp-content\/uploads\/2024\/12\/Eimer-Griselda-Eimer-768x772.jpg 768w, https:\/\/xxivcac.fica.unsl.edu.ar\/wp-content\/uploads\/2024\/12\/Eimer-Griselda-Eimer-1528x1536.jpg 1528w, https:\/\/xxivcac.fica.unsl.edu.ar\/wp-content\/uploads\/2024\/12\/Eimer-Griselda-Eimer.jpg 1825w\" sizes=\"(max-width: 843px) 100vw, 843px\" \/>\t\t\t\t\t\t\t\t\t\t\t\t<div class=\"hover-area\">\n\t\t\t\t\t\t\t<div class=\"profile-body\">\n\t\t\t\t\t\t\t\t<h2 class=\"profile-title\">\n\t\t\t\t\t\t\t\t\t\t\t\t\t\t\t\t\tDra. Eimer, Griselda Alejandra\t\t\t\t\t\t\t\t\t\t\t\t\t\t\t\t<\/h2>\n\t\t\t\t\t\t\t\t<p class=\"profile-designation\"><\/p>\n\t\t\t\t\t\t\t\t\t\t\t\t\t\t\t<\/div>\n\t\t\t\t\t\t\t\t\t\t\t\t\t<\/div>\n\t\t\t\t\t<\/div>\n\t\t\t\t\t <\/div> \n\t\t\t\t\n\t\t\t\t<\/div>\t\t\t\t<\/div>\n\t\t\t\t<\/div>\n\t\t\t\t<div class=\"elementor-element elementor-element-4a02777 exad-sticky-section-no exad-glass-effect-no elementor-widget elementor-widget-elementskit-team\" data-id=\"4a02777\" data-element_type=\"widget\" data-widget_type=\"elementskit-team.default\">\n\t\t\t\t<div class=\"elementor-widget-container\">\n\t\t\t\t\t<div class=\"ekit-wid-con\">\n\t\t\t\t\t\t\t\t\t\t\t\t\t\t\t\t\t\t\t <div class=\"image-card-v2 style-circle\"> \t\t\t\t\t<div class=\"profile-image-card elementor-animation- ekit-team-img ekit-team-style-overlay_circle_hover text-center\">\n\n\t\t\t\t\t\t\t\t\t\t\t\t\t<img loading=\"lazy\" decoding=\"async\" width=\"432\" height=\"433\" src=\"https:\/\/xxivcac.fica.unsl.edu.ar\/wp-content\/uploads\/2024\/12\/Monica-Crivello.jpeg\" class=\"attachment-large size-large wp-image-203\" alt=\"\" srcset=\"https:\/\/xxivcac.fica.unsl.edu.ar\/wp-content\/uploads\/2024\/12\/Monica-Crivello.jpeg 432w, https:\/\/xxivcac.fica.unsl.edu.ar\/wp-content\/uploads\/2024\/12\/Monica-Crivello-300x300.jpeg 300w, https:\/\/xxivcac.fica.unsl.edu.ar\/wp-content\/uploads\/2024\/12\/Monica-Crivello-150x150.jpeg 150w\" sizes=\"(max-width: 432px) 100vw, 432px\" \/>\t\t\t\t\t\t\t\t\t\t\t\t<div class=\"hover-area\">\n\t\t\t\t\t\t\t<div class=\"profile-body\">\n\t\t\t\t\t\t\t\t<h2 class=\"profile-title\">\n\t\t\t\t\t\t\t\t\t\t\t\t\t\t\t\t\tDra. Crivello, M\u00f3nica Elsie\t\t\t\t\t\t\t\t\t\t\t\t\t\t\t\t<\/h2>\n\t\t\t\t\t\t\t\t<p class=\"profile-designation\"><\/p>\n\t\t\t\t\t\t\t\t\t\t\t\t\t\t\t<\/div>\n\t\t\t\t\t\t\t\t\t\t\t\t\t<\/div>\n\t\t\t\t\t<\/div>\n\t\t\t\t\t <\/div> \n\t\t\t\t\n\t\t\t\t<\/div>\t\t\t\t<\/div>\n\t\t\t\t<\/div>\n\t\t\t\t<div class=\"elementor-element elementor-element-50fbbcb exad-sticky-section-no exad-glass-effect-no elementor-widget elementor-widget-elementskit-team\" data-id=\"50fbbcb\" data-element_type=\"widget\" data-widget_type=\"elementskit-team.default\">\n\t\t\t\t<div class=\"elementor-widget-container\">\n\t\t\t\t\t<div class=\"ekit-wid-con\">\n\t\t\t\t\t\t\t\t\t\t\t\t\t\t\t\t\t\t\t <div class=\"image-card-v2 style-circle\"> \t\t\t\t\t<div class=\"profile-image-card elementor-animation- ekit-team-img ekit-team-style-overlay_circle_hover text-center\">\n\n\t\t\t\t\t\t\t\t\t\t\t\t\t<img loading=\"lazy\" decoding=\"async\" width=\"768\" height=\"1024\" src=\"https:\/\/xxivcac.fica.unsl.edu.ar\/wp-content\/uploads\/2024\/12\/Veronica-Elias-768x1024.jpg\" class=\"attachment-large size-large wp-image-207\" alt=\"\" srcset=\"https:\/\/xxivcac.fica.unsl.edu.ar\/wp-content\/uploads\/2024\/12\/Veronica-Elias-768x1024.jpg 768w, https:\/\/xxivcac.fica.unsl.edu.ar\/wp-content\/uploads\/2024\/12\/Veronica-Elias-225x300.jpg 225w, https:\/\/xxivcac.fica.unsl.edu.ar\/wp-content\/uploads\/2024\/12\/Veronica-Elias-1152x1536.jpg 1152w, https:\/\/xxivcac.fica.unsl.edu.ar\/wp-content\/uploads\/2024\/12\/Veronica-Elias-1536x2048.jpg 1536w, https:\/\/xxivcac.fica.unsl.edu.ar\/wp-content\/uploads\/2024\/12\/Veronica-Elias-scaled.jpg 1920w\" sizes=\"(max-width: 768px) 100vw, 768px\" \/>\t\t\t\t\t\t\t\t\t\t\t\t<div class=\"hover-area\">\n\t\t\t\t\t\t\t<div class=\"profile-body\">\n\t\t\t\t\t\t\t\t<h2 class=\"profile-title\">\n\t\t\t\t\t\t\t\t\t\t\t\t\t\t\t\t\tDra. El\u00edas, Ver\u00f3nica\t\t\t\t\t\t\t\t\t\t\t\t\t\t\t\t<\/h2>\n\t\t\t\t\t\t\t\t<p class=\"profile-designation\"><\/p>\n\t\t\t\t\t\t\t\t\t\t\t\t\t\t\t<\/div>\n\t\t\t\t\t\t\t\t\t\t\t\t\t<\/div>\n\t\t\t\t\t<\/div>\n\t\t\t\t\t <\/div> \n\t\t\t\t\n\t\t\t\t<\/div>\t\t\t\t<\/div>\n\t\t\t\t<\/div>\n\t\t\t\t\t<\/div>\n\t\t\t\t<\/div>\n\t\t<div class=\"elementor-element elementor-element-ea47506 e-grid e-con-boxed e-con e-child\" data-id=\"ea47506\" data-element_type=\"container\">\n\t\t\t\t\t<div class=\"e-con-inner\">\n\t\t\t\t<div class=\"elementor-element elementor-element-7ae5123 exad-sticky-section-no exad-glass-effect-no elementor-widget elementor-widget-elementskit-team\" data-id=\"7ae5123\" data-element_type=\"widget\" data-widget_type=\"elementskit-team.default\">\n\t\t\t\t<div class=\"elementor-widget-container\">\n\t\t\t\t\t<div class=\"ekit-wid-con\">\n\t\t\t\t\t\t\t\t\t\t\t\t\t\t\t\t\t\t\t <div class=\"image-card-v2 style-circle\"> \t\t\t\t\t<div class=\"profile-image-card elementor-animation- ekit-team-img ekit-team-style-overlay_circle_hover text-center\">\n\n\t\t\t\t\t\t\t\t\t\t\t\t\t<img loading=\"lazy\" decoding=\"async\" width=\"356\" height=\"508\" src=\"https:\/\/xxivcac.fica.unsl.edu.ar\/wp-content\/uploads\/2024\/12\/Clara-Saux.jpg\" class=\"attachment-large size-large wp-image-188\" alt=\"\" srcset=\"https:\/\/xxivcac.fica.unsl.edu.ar\/wp-content\/uploads\/2024\/12\/Clara-Saux.jpg 356w, https:\/\/xxivcac.fica.unsl.edu.ar\/wp-content\/uploads\/2024\/12\/Clara-Saux-210x300.jpg 210w\" sizes=\"(max-width: 356px) 100vw, 356px\" \/>\t\t\t\t\t\t\t\t\t\t\t\t<div class=\"hover-area\">\n\t\t\t\t\t\t\t<div class=\"profile-body\">\n\t\t\t\t\t\t\t\t<h2 class=\"profile-title\">\n\t\t\t\t\t\t\t\t\t\t\t\t\t\t\t\t\tDra. Saux, Clara\t\t\t\t\t\t\t\t\t\t\t\t\t\t\t\t<\/h2>\n\t\t\t\t\t\t\t\t<p class=\"profile-designation\"><\/p>\n\t\t\t\t\t\t\t\t\t\t\t\t\t\t\t<\/div>\n\t\t\t\t\t\t\t\t\t\t\t\t\t<\/div>\n\t\t\t\t\t<\/div>\n\t\t\t\t\t <\/div> \n\t\t\t\t\n\t\t\t\t<\/div>\t\t\t\t<\/div>\n\t\t\t\t<\/div>\n\t\t\t\t<div class=\"elementor-element elementor-element-2d6a9d7 exad-sticky-section-no exad-glass-effect-no elementor-widget elementor-widget-elementskit-team\" data-id=\"2d6a9d7\" data-element_type=\"widget\" data-widget_type=\"elementskit-team.default\">\n\t\t\t\t<div class=\"elementor-widget-container\">\n\t\t\t\t\t<div class=\"ekit-wid-con\">\n\t\t\t\t\t\t\t\t\t\t\t\t\t\t\t\t\t\t\t <div class=\"image-card-v2 style-circle\"> \t\t\t\t\t<div class=\"profile-image-card elementor-animation- ekit-team-img ekit-team-style-overlay_circle_hover text-center\">\n\n\t\t\t\t\t\t\t\t\t\t\t\t\t<img loading=\"lazy\" decoding=\"async\" width=\"403\" height=\"434\" src=\"https:\/\/xxivcac.fica.unsl.edu.ar\/wp-content\/uploads\/2024\/12\/John-Munera.jpg\" class=\"attachment-large size-large wp-image-197\" alt=\"\" srcset=\"https:\/\/xxivcac.fica.unsl.edu.ar\/wp-content\/uploads\/2024\/12\/John-Munera.jpg 403w, https:\/\/xxivcac.fica.unsl.edu.ar\/wp-content\/uploads\/2024\/12\/John-Munera-279x300.jpg 279w\" sizes=\"(max-width: 403px) 100vw, 403px\" \/>\t\t\t\t\t\t\t\t\t\t\t\t<div class=\"hover-area\">\n\t\t\t\t\t\t\t<div class=\"profile-body\">\n\t\t\t\t\t\t\t\t<h2 class=\"profile-title\">\n\t\t\t\t\t\t\t\t\t\t\t\t\t\t\t\t\tDr. M\u00fanera Agudelo, John Fernando\t\t\t\t\t\t\t\t\t\t\t\t\t\t\t\t<\/h2>\n\t\t\t\t\t\t\t\t<p class=\"profile-designation\"><\/p>\n\t\t\t\t\t\t\t\t\t\t\t\t\t\t\t<\/div>\n\t\t\t\t\t\t\t\t\t\t\t\t\t<\/div>\n\t\t\t\t\t<\/div>\n\t\t\t\t\t <\/div> \n\t\t\t\t\n\t\t\t\t<\/div>\t\t\t\t<\/div>\n\t\t\t\t<\/div>\n\t\t\t\t<div class=\"elementor-element elementor-element-8cc281b exad-sticky-section-no exad-glass-effect-no elementor-widget elementor-widget-elementskit-team\" data-id=\"8cc281b\" data-element_type=\"widget\" data-widget_type=\"elementskit-team.default\">\n\t\t\t\t<div class=\"elementor-widget-container\">\n\t\t\t\t\t<div class=\"ekit-wid-con\">\n\t\t\t\t\t\t\t\t\t\t\t\t\t\t\t\t\t\t\t <div class=\"image-card-v2 style-circle\"> \t\t\t\t\t<div class=\"profile-image-card elementor-animation- ekit-team-img ekit-team-style-overlay_circle_hover text-center\">\n\n\t\t\t\t\t\t\t\t\t\t\t\t\t<img loading=\"lazy\" decoding=\"async\" width=\"627\" height=\"1024\" src=\"https:\/\/xxivcac.fica.unsl.edu.ar\/wp-content\/uploads\/2024\/12\/E.D.-Banus-Ezequiel-David-Banus-627x1024.jpg\" class=\"attachment-large size-large wp-image-190\" alt=\"\" srcset=\"https:\/\/xxivcac.fica.unsl.edu.ar\/wp-content\/uploads\/2024\/12\/E.D.-Banus-Ezequiel-David-Banus-627x1024.jpg 627w, https:\/\/xxivcac.fica.unsl.edu.ar\/wp-content\/uploads\/2024\/12\/E.D.-Banus-Ezequiel-David-Banus-184x300.jpg 184w, https:\/\/xxivcac.fica.unsl.edu.ar\/wp-content\/uploads\/2024\/12\/E.D.-Banus-Ezequiel-David-Banus-768x1253.jpg 768w, https:\/\/xxivcac.fica.unsl.edu.ar\/wp-content\/uploads\/2024\/12\/E.D.-Banus-Ezequiel-David-Banus-941x1536.jpg 941w, https:\/\/xxivcac.fica.unsl.edu.ar\/wp-content\/uploads\/2024\/12\/E.D.-Banus-Ezequiel-David-Banus-1255x2048.jpg 1255w, https:\/\/xxivcac.fica.unsl.edu.ar\/wp-content\/uploads\/2024\/12\/E.D.-Banus-Ezequiel-David-Banus-scaled.jpg 1569w\" sizes=\"(max-width: 627px) 100vw, 627px\" \/>\t\t\t\t\t\t\t\t\t\t\t\t<div class=\"hover-area\">\n\t\t\t\t\t\t\t<div class=\"profile-body\">\n\t\t\t\t\t\t\t\t<h2 class=\"profile-title\">\n\t\t\t\t\t\t\t\t\t\t\t\t\t\t\t\t\tDr. Ban\u00fas, Ezequiel David\t\t\t\t\t\t\t\t\t\t\t\t\t\t\t\t<\/h2>\n\t\t\t\t\t\t\t\t<p class=\"profile-designation\"><\/p>\n\t\t\t\t\t\t\t\t\t\t\t\t\t\t\t<\/div>\n\t\t\t\t\t\t\t\t\t\t\t\t\t<\/div>\n\t\t\t\t\t<\/div>\n\t\t\t\t\t <\/div> \n\t\t\t\t\n\t\t\t\t<\/div>\t\t\t\t<\/div>\n\t\t\t\t<\/div>\n\t\t\t\t<div class=\"elementor-element elementor-element-cbcea0d exad-sticky-section-no exad-glass-effect-no elementor-widget elementor-widget-elementskit-team\" data-id=\"cbcea0d\" data-element_type=\"widget\" data-widget_type=\"elementskit-team.default\">\n\t\t\t\t<div class=\"elementor-widget-container\">\n\t\t\t\t\t<div class=\"ekit-wid-con\">\n\t\t\t\t\t\t\t\t\t\t\t\t\t\t\t\t\t\t\t <div class=\"image-card-v2 style-circle\"> \t\t\t\t\t<div class=\"profile-image-card elementor-animation- ekit-team-img ekit-team-style-overlay_circle_hover text-center\">\n\n\t\t\t\t\t\t\t\t\t\t\t\t\t<img loading=\"lazy\" decoding=\"async\" width=\"843\" height=\"845\" src=\"https:\/\/xxivcac.fica.unsl.edu.ar\/wp-content\/uploads\/2024\/12\/Nicolas-Bertero-1021x1024.jpg\" class=\"attachment-large size-large wp-image-204\" alt=\"\" srcset=\"https:\/\/xxivcac.fica.unsl.edu.ar\/wp-content\/uploads\/2024\/12\/Nicolas-Bertero-1021x1024.jpg 1021w, https:\/\/xxivcac.fica.unsl.edu.ar\/wp-content\/uploads\/2024\/12\/Nicolas-Bertero-300x300.jpg 300w, https:\/\/xxivcac.fica.unsl.edu.ar\/wp-content\/uploads\/2024\/12\/Nicolas-Bertero-150x150.jpg 150w, https:\/\/xxivcac.fica.unsl.edu.ar\/wp-content\/uploads\/2024\/12\/Nicolas-Bertero-768x770.jpg 768w, https:\/\/xxivcac.fica.unsl.edu.ar\/wp-content\/uploads\/2024\/12\/Nicolas-Bertero.jpg 1413w\" sizes=\"(max-width: 843px) 100vw, 843px\" \/>\t\t\t\t\t\t\t\t\t\t\t\t<div class=\"hover-area\">\n\t\t\t\t\t\t\t<div class=\"profile-body\">\n\t\t\t\t\t\t\t\t<h2 class=\"profile-title\">\n\t\t\t\t\t\t\t\t\t\t\t\t\t\t\t\t\tDr. Bertero, Nicol\u00e1s Maximiliano\t\t\t\t\t\t\t\t\t\t\t\t\t\t\t\t<\/h2>\n\t\t\t\t\t\t\t\t<p class=\"profile-designation\"><\/p>\n\t\t\t\t\t\t\t\t\t\t\t\t\t\t\t<\/div>\n\t\t\t\t\t\t\t\t\t\t\t\t\t<\/div>\n\t\t\t\t\t<\/div>\n\t\t\t\t\t <\/div> \n\t\t\t\t\n\t\t\t\t<\/div>\t\t\t\t<\/div>\n\t\t\t\t<\/div>\n\t\t\t\t<div class=\"elementor-element elementor-element-1d62aab exad-sticky-section-no exad-glass-effect-no elementor-widget elementor-widget-elementskit-team\" data-id=\"1d62aab\" data-element_type=\"widget\" data-widget_type=\"elementskit-team.default\">\n\t\t\t\t<div class=\"elementor-widget-container\">\n\t\t\t\t\t<div class=\"ekit-wid-con\">\n\t\t\t\t\t\t\t\t\t\t\t\t\t\t\t\t\t\t\t <div class=\"image-card-v2 style-circle\"> \t\t\t\t\t<div class=\"profile-image-card elementor-animation- ekit-team-img ekit-team-style-overlay_circle_hover text-center\">\n\n\t\t\t\t\t\t\t\t\t\t\t\t\t<img loading=\"lazy\" decoding=\"async\" width=\"843\" height=\"782\" src=\"https:\/\/xxivcac.fica.unsl.edu.ar\/wp-content\/uploads\/2024\/12\/Sonia-Bocanegra-1024x950.jpg\" class=\"attachment-large size-large wp-image-206\" alt=\"\" srcset=\"https:\/\/xxivcac.fica.unsl.edu.ar\/wp-content\/uploads\/2024\/12\/Sonia-Bocanegra-1024x950.jpg 1024w, https:\/\/xxivcac.fica.unsl.edu.ar\/wp-content\/uploads\/2024\/12\/Sonia-Bocanegra-300x278.jpg 300w, https:\/\/xxivcac.fica.unsl.edu.ar\/wp-content\/uploads\/2024\/12\/Sonia-Bocanegra-768x712.jpg 768w, https:\/\/xxivcac.fica.unsl.edu.ar\/wp-content\/uploads\/2024\/12\/Sonia-Bocanegra-1536x1425.jpg 1536w, https:\/\/xxivcac.fica.unsl.edu.ar\/wp-content\/uploads\/2024\/12\/Sonia-Bocanegra.jpg 1576w\" sizes=\"(max-width: 843px) 100vw, 843px\" \/>\t\t\t\t\t\t\t\t\t\t\t\t<div class=\"hover-area\">\n\t\t\t\t\t\t\t<div class=\"profile-body\">\n\t\t\t\t\t\t\t\t<h2 class=\"profile-title\">\n\t\t\t\t\t\t\t\t\t\t\t\t\t\t\t\t\tDra. Bocanegra, Sonia Alejandra\t\t\t\t\t\t\t\t\t\t\t\t\t\t\t\t<\/h2>\n\t\t\t\t\t\t\t\t<p class=\"profile-designation\"><\/p>\n\t\t\t\t\t\t\t\t\t\t\t\t\t\t\t<\/div>\n\t\t\t\t\t\t\t\t\t\t\t\t\t<\/div>\n\t\t\t\t\t<\/div>\n\t\t\t\t\t <\/div> \n\t\t\t\t\n\t\t\t\t<\/div>\t\t\t\t<\/div>\n\t\t\t\t<\/div>\n\t\t\t\t<div class=\"elementor-element elementor-element-8c1ebcb exad-sticky-section-no exad-glass-effect-no elementor-widget elementor-widget-elementskit-team\" data-id=\"8c1ebcb\" data-element_type=\"widget\" data-widget_type=\"elementskit-team.default\">\n\t\t\t\t<div class=\"elementor-widget-container\">\n\t\t\t\t\t<div class=\"ekit-wid-con\">\n\t\t\t\t\t\t\t\t\t\t\t\t\t\t\t\t\t\t\t <div class=\"image-card-v2 style-circle\"> \t\t\t\t\t<div class=\"profile-image-card elementor-animation- ekit-team-img ekit-team-style-overlay_circle_hover text-center\">\n\n\t\t\t\t\t\t\t\t\t\t\t\t\t<img loading=\"lazy\" decoding=\"async\" width=\"124\" height=\"124\" src=\"https:\/\/xxivcac.fica.unsl.edu.ar\/wp-content\/uploads\/2024\/12\/Alicia-Boix.jpeg\" class=\"attachment-large size-large wp-image-185\" alt=\"\" \/>\t\t\t\t\t\t\t\t\t\t\t\t<div class=\"hover-area\">\n\t\t\t\t\t\t\t<div class=\"profile-body\">\n\t\t\t\t\t\t\t\t<h2 class=\"profile-title\">\n\t\t\t\t\t\t\t\t\t\t\t\t\t\t\t\t\tDra. Boix, Alicia Viviana\t\t\t\t\t\t\t\t\t\t\t\t\t\t\t\t<\/h2>\n\t\t\t\t\t\t\t\t<p class=\"profile-designation\"><\/p>\n\t\t\t\t\t\t\t\t\t\t\t\t\t\t\t<\/div>\n\t\t\t\t\t\t\t\t\t\t\t\t\t<\/div>\n\t\t\t\t\t<\/div>\n\t\t\t\t\t <\/div> \n\t\t\t\t\n\t\t\t\t<\/div>\t\t\t\t<\/div>\n\t\t\t\t<\/div>\n\t\t\t\t<div class=\"elementor-element elementor-element-7551dbc exad-sticky-section-no exad-glass-effect-no elementor-widget elementor-widget-elementskit-team\" data-id=\"7551dbc\" data-element_type=\"widget\" data-widget_type=\"elementskit-team.default\">\n\t\t\t\t<div class=\"elementor-widget-container\">\n\t\t\t\t\t<div class=\"ekit-wid-con\">\n\t\t\t\t\t\t\t\t\t\t\t\t\t\t\t\t\t\t\t <div class=\"image-card-v2 style-circle\"> \t\t\t\t\t<div class=\"profile-image-card elementor-animation- ekit-team-img ekit-team-style-overlay_circle_hover text-center\">\n\n\t\t\t\t\t\t\t\t\t\t\t\t\t<img loading=\"lazy\" decoding=\"async\" width=\"557\" height=\"439\" src=\"https:\/\/xxivcac.fica.unsl.edu.ar\/wp-content\/uploads\/2024\/12\/Juan-Pablo-Bortolozzi.jpg\" class=\"attachment-large size-large wp-image-198\" alt=\"\" srcset=\"https:\/\/xxivcac.fica.unsl.edu.ar\/wp-content\/uploads\/2024\/12\/Juan-Pablo-Bortolozzi.jpg 557w, https:\/\/xxivcac.fica.unsl.edu.ar\/wp-content\/uploads\/2024\/12\/Juan-Pablo-Bortolozzi-300x236.jpg 300w\" sizes=\"(max-width: 557px) 100vw, 557px\" \/>\t\t\t\t\t\t\t\t\t\t\t\t<div class=\"hover-area\">\n\t\t\t\t\t\t\t<div class=\"profile-body\">\n\t\t\t\t\t\t\t\t<h2 class=\"profile-title\">\n\t\t\t\t\t\t\t\t\t\t\t\t\t\t\t\t\tDr. Bortolozzi, Juan Pablo\t\t\t\t\t\t\t\t\t\t\t\t\t\t\t\t<\/h2>\n\t\t\t\t\t\t\t\t<p class=\"profile-designation\"><\/p>\n\t\t\t\t\t\t\t\t\t\t\t\t\t\t\t<\/div>\n\t\t\t\t\t\t\t\t\t\t\t\t\t<\/div>\n\t\t\t\t\t<\/div>\n\t\t\t\t\t <\/div> \n\t\t\t\t\n\t\t\t\t<\/div>\t\t\t\t<\/div>\n\t\t\t\t<\/div>\n\t\t\t\t\t<\/div>\n\t\t\t\t<\/div>\n\t\t<div class=\"elementor-element elementor-element-c82a6ce e-grid e-con-boxed e-con e-child\" data-id=\"c82a6ce\" data-element_type=\"container\">\n\t\t\t\t\t<div class=\"e-con-inner\">\n\t\t\t\t<div class=\"elementor-element elementor-element-4a0012f exad-sticky-section-no exad-glass-effect-no elementor-widget elementor-widget-elementskit-team\" data-id=\"4a0012f\" data-element_type=\"widget\" data-widget_type=\"elementskit-team.default\">\n\t\t\t\t<div class=\"elementor-widget-container\">\n\t\t\t\t\t<div class=\"ekit-wid-con\">\n\t\t\t\t\t\t\t\t\t\t\t\t\t\t\t\t\t\t\t <div class=\"image-card-v2 style-circle\"> \t\t\t\t\t<div class=\"profile-image-card elementor-animation- ekit-team-img ekit-team-style-overlay_circle_hover text-center\">\n\n\t\t\t\t\t\t\t\t\t\t\t\t\t<img loading=\"lazy\" decoding=\"async\" width=\"779\" height=\"1024\" src=\"https:\/\/xxivcac.fica.unsl.edu.ar\/wp-content\/uploads\/2024\/12\/FOTO-Bruno-Dalla-Costa-779x1024.jpg\" class=\"attachment-large size-large wp-image-194\" alt=\"\" srcset=\"https:\/\/xxivcac.fica.unsl.edu.ar\/wp-content\/uploads\/2024\/12\/FOTO-Bruno-Dalla-Costa-779x1024.jpg 779w, https:\/\/xxivcac.fica.unsl.edu.ar\/wp-content\/uploads\/2024\/12\/FOTO-Bruno-Dalla-Costa-228x300.jpg 228w, https:\/\/xxivcac.fica.unsl.edu.ar\/wp-content\/uploads\/2024\/12\/FOTO-Bruno-Dalla-Costa-768x1010.jpg 768w, https:\/\/xxivcac.fica.unsl.edu.ar\/wp-content\/uploads\/2024\/12\/FOTO-Bruno-Dalla-Costa-1168x1536.jpg 1168w, https:\/\/xxivcac.fica.unsl.edu.ar\/wp-content\/uploads\/2024\/12\/FOTO-Bruno-Dalla-Costa.jpg 1488w\" sizes=\"(max-width: 779px) 100vw, 779px\" \/>\t\t\t\t\t\t\t\t\t\t\t\t<div class=\"hover-area\">\n\t\t\t\t\t\t\t<div class=\"profile-body\">\n\t\t\t\t\t\t\t\t<h2 class=\"profile-title\">\n\t\t\t\t\t\t\t\t\t\t\t\t\t\t\t\t\tDr. Dalla Costa, Bruno Oscar\t\t\t\t\t\t\t\t\t\t\t\t\t\t\t\t<\/h2>\n\t\t\t\t\t\t\t\t<p class=\"profile-designation\"><\/p>\n\t\t\t\t\t\t\t\t\t\t\t\t\t\t\t<\/div>\n\t\t\t\t\t\t\t\t\t\t\t\t\t<\/div>\n\t\t\t\t\t<\/div>\n\t\t\t\t\t <\/div> \n\t\t\t\t\n\t\t\t\t<\/div>\t\t\t\t<\/div>\n\t\t\t\t<\/div>\n\t\t\t\t<div class=\"elementor-element elementor-element-7706a3e exad-sticky-section-no exad-glass-effect-no elementor-widget elementor-widget-elementskit-team\" data-id=\"7706a3e\" data-element_type=\"widget\" data-widget_type=\"elementskit-team.default\">\n\t\t\t\t<div class=\"elementor-widget-container\">\n\t\t\t\t\t<div class=\"ekit-wid-con\">\n\t\t\t\t\t\t\t\t\t\t\t\t\t\t\t\t\t\t\t <div class=\"image-card-v2 style-circle\"> \t\t\t\t\t<div class=\"profile-image-card elementor-animation- ekit-team-img ekit-team-style-overlay_circle_hover text-center\">\n\n\t\t\t\t\t\t\t\t\t\t\t\t\t<img loading=\"lazy\" decoding=\"async\" width=\"633\" height=\"752\" src=\"https:\/\/xxivcac.fica.unsl.edu.ar\/wp-content\/uploads\/2024\/12\/Veronica-Karina-Diez.jpg\" class=\"attachment-large size-large wp-image-208\" alt=\"\" srcset=\"https:\/\/xxivcac.fica.unsl.edu.ar\/wp-content\/uploads\/2024\/12\/Veronica-Karina-Diez.jpg 633w, https:\/\/xxivcac.fica.unsl.edu.ar\/wp-content\/uploads\/2024\/12\/Veronica-Karina-Diez-253x300.jpg 253w\" sizes=\"(max-width: 633px) 100vw, 633px\" \/>\t\t\t\t\t\t\t\t\t\t\t\t<div class=\"hover-area\">\n\t\t\t\t\t\t\t<div class=\"profile-body\">\n\t\t\t\t\t\t\t\t<h2 class=\"profile-title\">\n\t\t\t\t\t\t\t\t\t\t\t\t\t\t\t\t\tDra. D\u00edez, Ver\u00f3nica Karina\t\t\t\t\t\t\t\t\t\t\t\t\t\t\t\t<\/h2>\n\t\t\t\t\t\t\t\t<p class=\"profile-designation\"><\/p>\n\t\t\t\t\t\t\t\t\t\t\t\t\t\t\t<\/div>\n\t\t\t\t\t\t\t\t\t\t\t\t\t<\/div>\n\t\t\t\t\t<\/div>\n\t\t\t\t\t <\/div> \n\t\t\t\t\n\t\t\t\t<\/div>\t\t\t\t<\/div>\n\t\t\t\t<\/div>\n\t\t\t\t<div class=\"elementor-element elementor-element-d291abd exad-sticky-section-no exad-glass-effect-no elementor-widget elementor-widget-elementskit-team\" data-id=\"d291abd\" data-element_type=\"widget\" data-widget_type=\"elementskit-team.default\">\n\t\t\t\t<div class=\"elementor-widget-container\">\n\t\t\t\t\t<div class=\"ekit-wid-con\">\n\t\t\t\t\t\t\t\t\t\t\t\t\t\t\t\t\t\t\t <div class=\"image-card-v2 style-circle\"> \t\t\t\t\t<div class=\"profile-image-card elementor-animation- ekit-team-img ekit-team-style-overlay_circle_hover text-center\">\n\n\t\t\t\t\t\t\t\t\t\t\t\t\t<img loading=\"lazy\" decoding=\"async\" width=\"612\" height=\"489\" src=\"https:\/\/xxivcac.fica.unsl.edu.ar\/wp-content\/uploads\/2024\/12\/people.jpg\" class=\"attachment-large size-large wp-image-226\" alt=\"\" srcset=\"https:\/\/xxivcac.fica.unsl.edu.ar\/wp-content\/uploads\/2024\/12\/people.jpg 612w, https:\/\/xxivcac.fica.unsl.edu.ar\/wp-content\/uploads\/2024\/12\/people-300x240.jpg 300w\" sizes=\"(max-width: 612px) 100vw, 612px\" \/>\t\t\t\t\t\t\t\t\t\t\t\t<div class=\"hover-area\">\n\t\t\t\t\t\t\t<div class=\"profile-body\">\n\t\t\t\t\t\t\t\t<h2 class=\"profile-title\">\n\t\t\t\t\t\t\t\t\t\t\t\t\t\t\t\t\tDr. Meyer, Camilo Ignacio\t\t\t\t\t\t\t\t\t\t\t\t\t\t\t\t<\/h2>\n\t\t\t\t\t\t\t\t<p class=\"profile-designation\"><\/p>\n\t\t\t\t\t\t\t\t\t\t\t\t\t\t\t<\/div>\n\t\t\t\t\t\t\t\t\t\t\t\t\t<\/div>\n\t\t\t\t\t<\/div>\n\t\t\t\t\t <\/div> \n\t\t\t\t\n\t\t\t\t<\/div>\t\t\t\t<\/div>\n\t\t\t\t<\/div>\n\t\t\t\t<div class=\"elementor-element elementor-element-6154058 exad-sticky-section-no exad-glass-effect-no elementor-widget elementor-widget-elementskit-team\" data-id=\"6154058\" data-element_type=\"widget\" data-widget_type=\"elementskit-team.default\">\n\t\t\t\t<div class=\"elementor-widget-container\">\n\t\t\t\t\t<div class=\"ekit-wid-con\">\n\t\t\t\t\t\t\t\t\t\t\t\t\t\t\t\t\t\t\t <div class=\"image-card-v2 style-circle\"> \t\t\t\t\t<div class=\"profile-image-card elementor-animation- ekit-team-img ekit-team-style-overlay_circle_hover text-center\">\n\n\t\t\t\t\t\t\t\t\t\t\t\t\t<img loading=\"lazy\" decoding=\"async\" width=\"318\" height=\"314\" src=\"https:\/\/xxivcac.fica.unsl.edu.ar\/wp-content\/uploads\/2024\/12\/Viviana-Milt.jpg\" class=\"attachment-large size-large wp-image-209\" alt=\"\" srcset=\"https:\/\/xxivcac.fica.unsl.edu.ar\/wp-content\/uploads\/2024\/12\/Viviana-Milt.jpg 318w, https:\/\/xxivcac.fica.unsl.edu.ar\/wp-content\/uploads\/2024\/12\/Viviana-Milt-300x296.jpg 300w\" sizes=\"(max-width: 318px) 100vw, 318px\" \/>\t\t\t\t\t\t\t\t\t\t\t\t<div class=\"hover-area\">\n\t\t\t\t\t\t\t<div class=\"profile-body\">\n\t\t\t\t\t\t\t\t<h2 class=\"profile-title\">\n\t\t\t\t\t\t\t\t\t\t\t\t\t\t\t\t\tDra. Milt, Viviana Guadalupe\t\t\t\t\t\t\t\t\t\t\t\t\t\t\t\t<\/h2>\n\t\t\t\t\t\t\t\t<p class=\"profile-designation\"><\/p>\n\t\t\t\t\t\t\t\t\t\t\t\t\t\t\t<\/div>\n\t\t\t\t\t\t\t\t\t\t\t\t\t<\/div>\n\t\t\t\t\t<\/div>\n\t\t\t\t\t <\/div> \n\t\t\t\t\n\t\t\t\t<\/div>\t\t\t\t<\/div>\n\t\t\t\t<\/div>\n\t\t\t\t<div class=\"elementor-element elementor-element-311b870 exad-sticky-section-no exad-glass-effect-no elementor-widget elementor-widget-elementskit-team\" data-id=\"311b870\" data-element_type=\"widget\" data-widget_type=\"elementskit-team.default\">\n\t\t\t\t<div class=\"elementor-widget-container\">\n\t\t\t\t\t<div class=\"ekit-wid-con\">\n\t\t\t\t\t\t\t\t\t\t\t\t\t\t\t\t\t\t\t <div class=\"image-card-v2 style-circle\"> \t\t\t\t\t<div class=\"profile-image-card elementor-animation- ekit-team-img ekit-team-style-overlay_circle_hover text-center\">\n\n\t\t\t\t\t\t\t\t\t\t\t\t\t<img loading=\"lazy\" decoding=\"async\" width=\"200\" height=\"200\" src=\"https:\/\/xxivcac.fica.unsl.edu.ar\/wp-content\/uploads\/2024\/12\/Juan-Zamaro-Juan-Manuel-Zamaro.jpg\" class=\"attachment-large size-large wp-image-199\" alt=\"\" srcset=\"https:\/\/xxivcac.fica.unsl.edu.ar\/wp-content\/uploads\/2024\/12\/Juan-Zamaro-Juan-Manuel-Zamaro.jpg 200w, https:\/\/xxivcac.fica.unsl.edu.ar\/wp-content\/uploads\/2024\/12\/Juan-Zamaro-Juan-Manuel-Zamaro-150x150.jpg 150w\" sizes=\"(max-width: 200px) 100vw, 200px\" \/>\t\t\t\t\t\t\t\t\t\t\t\t<div class=\"hover-area\">\n\t\t\t\t\t\t\t<div class=\"profile-body\">\n\t\t\t\t\t\t\t\t<h2 class=\"profile-title\">\n\t\t\t\t\t\t\t\t\t\t\t\t\t\t\t\t\tDr. Zamaro, Juan Manuel\t\t\t\t\t\t\t\t\t\t\t\t\t\t\t\t<\/h2>\n\t\t\t\t\t\t\t\t<p class=\"profile-designation\"><\/p>\n\t\t\t\t\t\t\t\t\t\t\t\t\t\t\t<\/div>\n\t\t\t\t\t\t\t\t\t\t\t\t\t<\/div>\n\t\t\t\t\t<\/div>\n\t\t\t\t\t <\/div> \n\t\t\t\t\n\t\t\t\t<\/div>\t\t\t\t<\/div>\n\t\t\t\t<\/div>\n\t\t\t\t<div class=\"elementor-element elementor-element-73dc1c4 exad-sticky-section-no exad-glass-effect-no elementor-widget elementor-widget-elementskit-team\" data-id=\"73dc1c4\" data-element_type=\"widget\" data-widget_type=\"elementskit-team.default\">\n\t\t\t\t<div class=\"elementor-widget-container\">\n\t\t\t\t\t<div class=\"ekit-wid-con\">\n\t\t\t\t\t\t\t\t\t\t\t\t\t\t\t\t\t\t\t <div class=\"image-card-v2 style-circle\"> \t\t\t\t\t<div class=\"profile-image-card elementor-animation- ekit-team-img ekit-team-style-overlay_circle_hover text-center\">\n\n\t\t\t\t\t\t\t\t\t\t\t\t\t<img loading=\"lazy\" decoding=\"async\" width=\"434\" height=\"475\" src=\"https:\/\/xxivcac.fica.unsl.edu.ar\/wp-content\/uploads\/2024\/12\/Sebastian-Collins.jpg\" class=\"attachment-large size-large wp-image-205\" alt=\"\" srcset=\"https:\/\/xxivcac.fica.unsl.edu.ar\/wp-content\/uploads\/2024\/12\/Sebastian-Collins.jpg 434w, https:\/\/xxivcac.fica.unsl.edu.ar\/wp-content\/uploads\/2024\/12\/Sebastian-Collins-274x300.jpg 274w\" sizes=\"(max-width: 434px) 100vw, 434px\" \/>\t\t\t\t\t\t\t\t\t\t\t\t<div class=\"hover-area\">\n\t\t\t\t\t\t\t<div class=\"profile-body\">\n\t\t\t\t\t\t\t\t<h2 class=\"profile-title\">\n\t\t\t\t\t\t\t\t\t\t\t\t\t\t\t\t\tDr. Collins, Sebasti\u00e1n Enrique\t\t\t\t\t\t\t\t\t\t\t\t\t\t\t\t<\/h2>\n\t\t\t\t\t\t\t\t<p class=\"profile-designation\"><\/p>\n\t\t\t\t\t\t\t\t\t\t\t\t\t\t\t<\/div>\n\t\t\t\t\t\t\t\t\t\t\t\t\t<\/div>\n\t\t\t\t\t<\/div>\n\t\t\t\t\t <\/div> \n\t\t\t\t\n\t\t\t\t<\/div>\t\t\t\t<\/div>\n\t\t\t\t<\/div>\n\t\t\t\t<div class=\"elementor-element elementor-element-0ac5b09 exad-sticky-section-no exad-glass-effect-no elementor-widget elementor-widget-elementskit-team\" data-id=\"0ac5b09\" data-element_type=\"widget\" data-widget_type=\"elementskit-team.default\">\n\t\t\t\t<div class=\"elementor-widget-container\">\n\t\t\t\t\t<div class=\"ekit-wid-con\">\n\t\t\t\t\t\t\t\t\t\t\t\t\t\t\t\t\t\t\t <div class=\"image-card-v2 style-circle\"> \t\t\t\t\t<div class=\"profile-image-card elementor-animation- ekit-team-img ekit-team-style-overlay_circle_hover text-center\">\n\n\t\t\t\t\t\t\t\t\t\t\t\t\t<img loading=\"lazy\" decoding=\"async\" width=\"371\" height=\"507\" src=\"https:\/\/xxivcac.fica.unsl.edu.ar\/wp-content\/uploads\/2024\/12\/FloPic-fccalaza.png\" class=\"attachment-large size-large wp-image-193\" alt=\"\" srcset=\"https:\/\/xxivcac.fica.unsl.edu.ar\/wp-content\/uploads\/2024\/12\/FloPic-fccalaza.png 371w, https:\/\/xxivcac.fica.unsl.edu.ar\/wp-content\/uploads\/2024\/12\/FloPic-fccalaza-220x300.png 220w\" sizes=\"(max-width: 371px) 100vw, 371px\" \/>\t\t\t\t\t\t\t\t\t\t\t\t<div class=\"hover-area\">\n\t\t\t\t\t\t\t<div class=\"profile-body\">\n\t\t\t\t\t\t\t\t<h2 class=\"profile-title\">\n\t\t\t\t\t\t\t\t\t\t\t\t\t\t\t\t\tDra. Calaza, Florencia Carolina\t\t\t\t\t\t\t\t\t\t\t\t\t\t\t\t<\/h2>\n\t\t\t\t\t\t\t\t<p class=\"profile-designation\"><\/p>\n\t\t\t\t\t\t\t\t\t\t\t\t\t\t\t<\/div>\n\t\t\t\t\t\t\t\t\t\t\t\t\t<\/div>\n\t\t\t\t\t<\/div>\n\t\t\t\t\t <\/div> \n\t\t\t\t\n\t\t\t\t<\/div>\t\t\t\t<\/div>\n\t\t\t\t<\/div>\n\t\t\t\t\t<\/div>\n\t\t\t\t<\/div>\n\t\t<div class=\"elementor-element elementor-element-57fe3ca e-grid e-con-boxed e-con e-child\" data-id=\"57fe3ca\" data-element_type=\"container\">\n\t\t\t\t\t<div class=\"e-con-inner\">\n\t\t\t\t<div class=\"elementor-element elementor-element-4674a9c exad-sticky-section-no exad-glass-effect-no elementor-widget elementor-widget-elementskit-team\" data-id=\"4674a9c\" data-element_type=\"widget\" data-widget_type=\"elementskit-team.default\">\n\t\t\t\t<div class=\"elementor-widget-container\">\n\t\t\t\t\t<div class=\"ekit-wid-con\">\n\t\t\t\t\t\t\t\t\t\t\t\t\t\t\t\t\t\t\t <div class=\"image-card-v2 style-circle\"> \t\t\t\t\t<div class=\"profile-image-card elementor-animation- ekit-team-img ekit-team-style-overlay_circle_hover text-center\">\n\n\t\t\t\t\t\t\t\t\t\t\t\t\t<img loading=\"lazy\" decoding=\"async\" width=\"612\" height=\"489\" src=\"https:\/\/xxivcac.fica.unsl.edu.ar\/wp-content\/uploads\/2024\/12\/people.jpg\" class=\"attachment-large size-large wp-image-226\" alt=\"\" srcset=\"https:\/\/xxivcac.fica.unsl.edu.ar\/wp-content\/uploads\/2024\/12\/people.jpg 612w, https:\/\/xxivcac.fica.unsl.edu.ar\/wp-content\/uploads\/2024\/12\/people-300x240.jpg 300w\" sizes=\"(max-width: 612px) 100vw, 612px\" \/>\t\t\t\t\t\t\t\t\t\t\t\t<div class=\"hover-area\">\n\t\t\t\t\t\t\t<div class=\"profile-body\">\n\t\t\t\t\t\t\t\t<h2 class=\"profile-title\">\n\t\t\t\t\t\t\t\t\t\t\t\t\t\t\t\t\tDra. Pedernera, Marisa Noem\u00ed\t\t\t\t\t\t\t\t\t\t\t\t\t\t\t\t<\/h2>\n\t\t\t\t\t\t\t\t<p class=\"profile-designation\"><\/p>\n\t\t\t\t\t\t\t\t\t\t\t\t\t\t\t<\/div>\n\t\t\t\t\t\t\t\t\t\t\t\t\t<\/div>\n\t\t\t\t\t<\/div>\n\t\t\t\t\t <\/div> \n\t\t\t\t\n\t\t\t\t<\/div>\t\t\t\t<\/div>\n\t\t\t\t<\/div>\n\t\t\t\t<div class=\"elementor-element elementor-element-7928f0d exad-sticky-section-no exad-glass-effect-no elementor-widget elementor-widget-elementskit-team\" data-id=\"7928f0d\" data-element_type=\"widget\" data-widget_type=\"elementskit-team.default\">\n\t\t\t\t<div class=\"elementor-widget-container\">\n\t\t\t\t\t<div class=\"ekit-wid-con\">\n\t\t\t\t\t\t\t\t\t\t\t\t\t\t\t\t\t\t\t <div class=\"image-card-v2 style-circle\"> \t\t\t\t\t<div class=\"profile-image-card elementor-animation- ekit-team-img ekit-team-style-overlay_circle_hover text-center\">\n\n\t\t\t\t\t\t\t\t\t\t\t\t\t<img loading=\"lazy\" decoding=\"async\" width=\"612\" height=\"489\" src=\"https:\/\/xxivcac.fica.unsl.edu.ar\/wp-content\/uploads\/2024\/12\/people.jpg\" class=\"attachment-large size-large wp-image-226\" alt=\"\" srcset=\"https:\/\/xxivcac.fica.unsl.edu.ar\/wp-content\/uploads\/2024\/12\/people.jpg 612w, https:\/\/xxivcac.fica.unsl.edu.ar\/wp-content\/uploads\/2024\/12\/people-300x240.jpg 300w\" sizes=\"(max-width: 612px) 100vw, 612px\" \/>\t\t\t\t\t\t\t\t\t\t\t\t<div class=\"hover-area\">\n\t\t\t\t\t\t\t<div class=\"profile-body\">\n\t\t\t\t\t\t\t\t<h2 class=\"profile-title\">\n\t\t\t\t\t\t\t\t\t\t\t\t\t\t\t\t\tDr. L\u00f3pez, Eduardo\t\t\t\t\t\t\t\t\t\t\t\t\t\t\t\t<\/h2>\n\t\t\t\t\t\t\t\t<p class=\"profile-designation\"><\/p>\n\t\t\t\t\t\t\t\t\t\t\t\t\t\t\t<\/div>\n\t\t\t\t\t\t\t\t\t\t\t\t\t<\/div>\n\t\t\t\t\t<\/div>\n\t\t\t\t\t <\/div> \n\t\t\t\t\n\t\t\t\t<\/div>\t\t\t\t<\/div>\n\t\t\t\t<\/div>\n\t\t\t\t<div class=\"elementor-element elementor-element-d26323d exad-sticky-section-no exad-glass-effect-no elementor-widget elementor-widget-elementskit-team\" data-id=\"d26323d\" data-element_type=\"widget\" data-widget_type=\"elementskit-team.default\">\n\t\t\t\t<div class=\"elementor-widget-container\">\n\t\t\t\t\t<div class=\"ekit-wid-con\">\n\t\t\t\t\t\t\t\t\t\t\t\t\t\t\t\t\t\t\t <div class=\"image-card-v2 style-circle\"> \t\t\t\t\t<div class=\"profile-image-card elementor-animation- ekit-team-img ekit-team-style-overlay_circle_hover text-center\">\n\n\t\t\t\t\t\t\t\t\t\t\t\t\t<img loading=\"lazy\" decoding=\"async\" width=\"612\" height=\"489\" src=\"https:\/\/xxivcac.fica.unsl.edu.ar\/wp-content\/uploads\/2024\/12\/people.jpg\" class=\"attachment-large size-large wp-image-226\" alt=\"\" srcset=\"https:\/\/xxivcac.fica.unsl.edu.ar\/wp-content\/uploads\/2024\/12\/people.jpg 612w, https:\/\/xxivcac.fica.unsl.edu.ar\/wp-content\/uploads\/2024\/12\/people-300x240.jpg 300w\" sizes=\"(max-width: 612px) 100vw, 612px\" \/>\t\t\t\t\t\t\t\t\t\t\t\t<div class=\"hover-area\">\n\t\t\t\t\t\t\t<div class=\"profile-body\">\n\t\t\t\t\t\t\t\t<h2 class=\"profile-title\">\n\t\t\t\t\t\t\t\t\t\t\t\t\t\t\t\t\tDra. Tonetto, Gabriela Marta\t\t\t\t\t\t\t\t\t\t\t\t\t\t\t\t<\/h2>\n\t\t\t\t\t\t\t\t<p class=\"profile-designation\"><\/p>\n\t\t\t\t\t\t\t\t\t\t\t\t\t\t\t<\/div>\n\t\t\t\t\t\t\t\t\t\t\t\t\t<\/div>\n\t\t\t\t\t<\/div>\n\t\t\t\t\t <\/div> \n\t\t\t\t\n\t\t\t\t<\/div>\t\t\t\t<\/div>\n\t\t\t\t<\/div>\n\t\t\t\t<div class=\"elementor-element elementor-element-9d5e4c6 exad-sticky-section-no exad-glass-effect-no elementor-widget elementor-widget-elementskit-team\" data-id=\"9d5e4c6\" data-element_type=\"widget\" data-widget_type=\"elementskit-team.default\">\n\t\t\t\t<div class=\"elementor-widget-container\">\n\t\t\t\t\t<div class=\"ekit-wid-con\">\n\t\t\t\t\t\t\t\t\t\t\t\t\t\t\t\t\t\t\t <div class=\"image-card-v2 style-circle\"> \t\t\t\t\t<div class=\"profile-image-card elementor-animation- ekit-team-img ekit-team-style-overlay_circle_hover text-center\">\n\n\t\t\t\t\t\t\t\t\t\t\t\t\t<img loading=\"lazy\" decoding=\"async\" width=\"612\" height=\"489\" src=\"https:\/\/xxivcac.fica.unsl.edu.ar\/wp-content\/uploads\/2024\/12\/people.jpg\" class=\"attachment-large size-large wp-image-226\" alt=\"\" srcset=\"https:\/\/xxivcac.fica.unsl.edu.ar\/wp-content\/uploads\/2024\/12\/people.jpg 612w, https:\/\/xxivcac.fica.unsl.edu.ar\/wp-content\/uploads\/2024\/12\/people-300x240.jpg 300w\" sizes=\"(max-width: 612px) 100vw, 612px\" \/>\t\t\t\t\t\t\t\t\t\t\t\t<div class=\"hover-area\">\n\t\t\t\t\t\t\t<div class=\"profile-body\">\n\t\t\t\t\t\t\t\t<h2 class=\"profile-title\">\n\t\t\t\t\t\t\t\t\t\t\t\t\t\t\t\t\tDra. Adrover, Mar\u00eda Esperanza\t\t\t\t\t\t\t\t\t\t\t\t\t\t\t\t<\/h2>\n\t\t\t\t\t\t\t\t<p class=\"profile-designation\"><\/p>\n\t\t\t\t\t\t\t\t\t\t\t\t\t\t\t<\/div>\n\t\t\t\t\t\t\t\t\t\t\t\t\t<\/div>\n\t\t\t\t\t<\/div>\n\t\t\t\t\t <\/div> \n\t\t\t\t\n\t\t\t\t<\/div>\t\t\t\t<\/div>\n\t\t\t\t<\/div>\n\t\t\t\t<div class=\"elementor-element elementor-element-b923ade exad-sticky-section-no exad-glass-effect-no elementor-widget elementor-widget-elementskit-team\" data-id=\"b923ade\" data-element_type=\"widget\" data-widget_type=\"elementskit-team.default\">\n\t\t\t\t<div class=\"elementor-widget-container\">\n\t\t\t\t\t<div class=\"ekit-wid-con\">\n\t\t\t\t\t\t\t\t\t\t\t\t\t\t\t\t\t\t\t <div class=\"image-card-v2 style-circle\"> \t\t\t\t\t<div class=\"profile-image-card elementor-animation- ekit-team-img ekit-team-style-overlay_circle_hover text-center\">\n\n\t\t\t\t\t\t\t\t\t\t\t\t\t<img loading=\"lazy\" decoding=\"async\" width=\"768\" height=\"1024\" src=\"https:\/\/xxivcac.fica.unsl.edu.ar\/wp-content\/uploads\/2024\/12\/CAC-Mariana-Alvarez-768x1024.jpg\" class=\"attachment-large size-large wp-image-186\" alt=\"\" srcset=\"https:\/\/xxivcac.fica.unsl.edu.ar\/wp-content\/uploads\/2024\/12\/CAC-Mariana-Alvarez-768x1023.jpg 768w, https:\/\/xxivcac.fica.unsl.edu.ar\/wp-content\/uploads\/2024\/12\/CAC-Mariana-Alvarez-225x300.jpg 225w, https:\/\/xxivcac.fica.unsl.edu.ar\/wp-content\/uploads\/2024\/12\/CAC-Mariana-Alvarez-1153x1536.jpg 1153w, https:\/\/xxivcac.fica.unsl.edu.ar\/wp-content\/uploads\/2024\/12\/CAC-Mariana-Alvarez.jpg 1200w\" sizes=\"(max-width: 768px) 100vw, 768px\" \/>\t\t\t\t\t\t\t\t\t\t\t\t<div class=\"hover-area\">\n\t\t\t\t\t\t\t<div class=\"profile-body\">\n\t\t\t\t\t\t\t\t<h2 class=\"profile-title\">\n\t\t\t\t\t\t\t\t\t\t\t\t\t\t\t\t\tDra. \u00c1lvarez, Mariana\t\t\t\t\t\t\t\t\t\t\t\t\t\t\t\t<\/h2>\n\t\t\t\t\t\t\t\t<p class=\"profile-designation\"><\/p>\n\t\t\t\t\t\t\t\t\t\t\t\t\t\t\t<\/div>\n\t\t\t\t\t\t\t\t\t\t\t\t\t<\/div>\n\t\t\t\t\t<\/div>\n\t\t\t\t\t <\/div> \n\t\t\t\t\n\t\t\t\t<\/div>\t\t\t\t<\/div>\n\t\t\t\t<\/div>\n\t\t\t\t<div class=\"elementor-element elementor-element-acea8d1 exad-sticky-section-no exad-glass-effect-no elementor-widget elementor-widget-elementskit-team\" data-id=\"acea8d1\" data-element_type=\"widget\" data-widget_type=\"elementskit-team.default\">\n\t\t\t\t<div class=\"elementor-widget-container\">\n\t\t\t\t\t<div class=\"ekit-wid-con\">\n\t\t\t\t\t\t\t\t\t\t\t\t\t\t\t\t\t\t\t <div class=\"image-card-v2 style-circle\"> \t\t\t\t\t<div class=\"profile-image-card elementor-animation- ekit-team-img ekit-team-style-overlay_circle_hover text-center\">\n\n\t\t\t\t\t\t\t\t\t\t\t\t\t<img loading=\"lazy\" decoding=\"async\" width=\"843\" height=\"843\" src=\"https:\/\/xxivcac.fica.unsl.edu.ar\/wp-content\/uploads\/2024\/12\/Carla-di-Luca-1024x1024.jpg\" class=\"attachment-large size-large wp-image-187\" alt=\"\" srcset=\"https:\/\/xxivcac.fica.unsl.edu.ar\/wp-content\/uploads\/2024\/12\/Carla-di-Luca-1024x1024.jpg 1024w, https:\/\/xxivcac.fica.unsl.edu.ar\/wp-content\/uploads\/2024\/12\/Carla-di-Luca-300x300.jpg 300w, https:\/\/xxivcac.fica.unsl.edu.ar\/wp-content\/uploads\/2024\/12\/Carla-di-Luca-150x150.jpg 150w, https:\/\/xxivcac.fica.unsl.edu.ar\/wp-content\/uploads\/2024\/12\/Carla-di-Luca-768x768.jpg 768w, https:\/\/xxivcac.fica.unsl.edu.ar\/wp-content\/uploads\/2024\/12\/Carla-di-Luca-1536x1536.jpg 1536w, https:\/\/xxivcac.fica.unsl.edu.ar\/wp-content\/uploads\/2024\/12\/Carla-di-Luca-2048x2048.jpg 2048w\" sizes=\"(max-width: 843px) 100vw, 843px\" \/>\t\t\t\t\t\t\t\t\t\t\t\t<div class=\"hover-area\">\n\t\t\t\t\t\t\t<div class=\"profile-body\">\n\t\t\t\t\t\t\t\t<h2 class=\"profile-title\">\n\t\t\t\t\t\t\t\t\t\t\t\t\t\t\t\t\tDra. Di luca, Carla\t\t\t\t\t\t\t\t\t\t\t\t\t\t\t\t<\/h2>\n\t\t\t\t\t\t\t\t<p class=\"profile-designation\"><\/p>\n\t\t\t\t\t\t\t\t\t\t\t\t\t\t\t<\/div>\n\t\t\t\t\t\t\t\t\t\t\t\t\t<\/div>\n\t\t\t\t\t<\/div>\n\t\t\t\t\t <\/div> \n\t\t\t\t\n\t\t\t\t<\/div>\t\t\t\t<\/div>\n\t\t\t\t<\/div>\n\t\t\t\t<div class=\"elementor-element elementor-element-3b1d6c5 exad-sticky-section-no exad-glass-effect-no elementor-widget elementor-widget-elementskit-team\" data-id=\"3b1d6c5\" data-element_type=\"widget\" data-widget_type=\"elementskit-team.default\">\n\t\t\t\t<div class=\"elementor-widget-container\">\n\t\t\t\t\t<div class=\"ekit-wid-con\">\n\t\t\t\t\t\t\t\t\t\t\t\t\t\t\t\t\t\t\t <div class=\"image-card-v2 style-circle\"> \t\t\t\t\t<div class=\"profile-image-card elementor-animation- ekit-team-img ekit-team-style-overlay_circle_hover text-center\">\n\n\t\t\t\t\t\t\t\t\t\t\t\t\t<img loading=\"lazy\" decoding=\"async\" width=\"612\" height=\"489\" src=\"https:\/\/xxivcac.fica.unsl.edu.ar\/wp-content\/uploads\/2024\/12\/people.jpg\" class=\"attachment-large size-large wp-image-226\" alt=\"\" srcset=\"https:\/\/xxivcac.fica.unsl.edu.ar\/wp-content\/uploads\/2024\/12\/people.jpg 612w, https:\/\/xxivcac.fica.unsl.edu.ar\/wp-content\/uploads\/2024\/12\/people-300x240.jpg 300w\" sizes=\"(max-width: 612px) 100vw, 612px\" \/>\t\t\t\t\t\t\t\t\t\t\t\t<div class=\"hover-area\">\n\t\t\t\t\t\t\t<div class=\"profile-body\">\n\t\t\t\t\t\t\t\t<h2 class=\"profile-title\">\n\t\t\t\t\t\t\t\t\t\t\t\t\t\t\t\t\tDra. Okulik, Nora Beatriz\t\t\t\t\t\t\t\t\t\t\t\t\t\t\t\t<\/h2>\n\t\t\t\t\t\t\t\t<p class=\"profile-designation\"><\/p>\n\t\t\t\t\t\t\t\t\t\t\t\t\t\t\t<\/div>\n\t\t\t\t\t\t\t\t\t\t\t\t\t<\/div>\n\t\t\t\t\t<\/div>\n\t\t\t\t\t <\/div> \n\t\t\t\t\n\t\t\t\t<\/div>\t\t\t\t<\/div>\n\t\t\t\t<\/div>\n\t\t\t\t\t<\/div>\n\t\t\t\t<\/div>\n\t\t\t\t<\/div>\n\t\t\t\t<\/div>\n\t\t","protected":false},"excerpt":{"rendered":"<p>Comit\u00e9 Cient\u00edfico Dra. Bibiana Barbero Presidente:Dra. Bibiana Barbero Dra. Noelia Barroso Dra. Rodriguez, Mar\u00eda Laura Vicepresidente:Dra. Noelia Barroso Vicepresidente:Dra. Mar\u00eda Laura Rodriguez Vocales: Dra. Acosta,&hellip;<\/p>\n","protected":false},"author":1,"featured_media":0,"parent":0,"menu_order":0,"comment_status":"closed","ping_status":"closed","template":"","meta":{"footnotes":""},"class_list":["post-122","page","type-page","status-publish","hentry"],"yoast_head":"<!-- This site is optimized with the Yoast SEO plugin v26.9 - https:\/\/yoast.com\/product\/yoast-seo-wordpress\/ -->\n<title>Comit\u00e9 Cient\u00edfico - XXIV Congreso Argentino de Cat\u00e1lisis<\/title>\n<meta name=\"robots\" content=\"index, follow, max-snippet:-1, max-image-preview:large, max-video-preview:-1\" \/>\n<link rel=\"canonical\" href=\"https:\/\/xxivcac.fica.unsl.edu.ar\/index.php\/comite-cientifico\/\" \/>\n<meta property=\"og:locale\" content=\"es_ES\" \/>\n<meta property=\"og:type\" content=\"article\" \/>\n<meta property=\"og:title\" content=\"Comit\u00e9 Cient\u00edfico - XXIV Congreso Argentino de Cat\u00e1lisis\" \/>\n<meta property=\"og:description\" content=\"Comit\u00e9 Cient\u00edfico Dra. Bibiana Barbero Presidente:Dra. Bibiana Barbero Dra. Noelia Barroso Dra. Rodriguez, Mar\u00eda Laura Vicepresidente:Dra. Noelia Barroso Vicepresidente:Dra. Mar\u00eda Laura Rodriguez Vocales: Dra. Acosta,&hellip;\" \/>\n<meta property=\"og:url\" content=\"https:\/\/xxivcac.fica.unsl.edu.ar\/index.php\/comite-cientifico\/\" \/>\n<meta property=\"og:site_name\" content=\"XXIV Congreso Argentino de Cat\u00e1lisis\" \/>\n<meta property=\"article:modified_time\" content=\"2025-11-12T11:48:48+00:00\" \/>\n<meta property=\"og:image\" content=\"https:\/\/xxivcac.fica.unsl.edu.ar\/wp-content\/uploads\/2024\/12\/Bibiana-Barbero.jpg\" \/>\n\t<meta property=\"og:image:width\" content=\"360\" \/>\n\t<meta property=\"og:image:height\" content=\"360\" \/>\n\t<meta property=\"og:image:type\" content=\"image\/jpeg\" \/>\n<meta name=\"twitter:card\" content=\"summary_large_image\" \/>\n<meta name=\"twitter:label1\" content=\"Tiempo de lectura\" \/>\n\t<meta name=\"twitter:data1\" content=\"9 minutos\" \/>\n<script type=\"application\/ld+json\" class=\"yoast-schema-graph\">{\"@context\":\"https:\/\/schema.org\",\"@graph\":[{\"@type\":\"WebPage\",\"@id\":\"https:\/\/xxivcac.fica.unsl.edu.ar\/index.php\/comite-cientifico\/\",\"url\":\"https:\/\/xxivcac.fica.unsl.edu.ar\/index.php\/comite-cientifico\/\",\"name\":\"Comit\u00e9 Cient\u00edfico - XXIV Congreso Argentino de Cat\u00e1lisis\",\"isPartOf\":{\"@id\":\"https:\/\/xxivcac.fica.unsl.edu.ar\/#website\"},\"primaryImageOfPage\":{\"@id\":\"https:\/\/xxivcac.fica.unsl.edu.ar\/index.php\/comite-cientifico\/#primaryimage\"},\"image\":{\"@id\":\"https:\/\/xxivcac.fica.unsl.edu.ar\/index.php\/comite-cientifico\/#primaryimage\"},\"thumbnailUrl\":\"https:\/\/xxivcac.fica.unsl.edu.ar\/wp-content\/uploads\/2024\/12\/Bibiana-Barbero.jpg\",\"datePublished\":\"2024-12-17T12:49:32+00:00\",\"dateModified\":\"2025-11-12T11:48:48+00:00\",\"breadcrumb\":{\"@id\":\"https:\/\/xxivcac.fica.unsl.edu.ar\/index.php\/comite-cientifico\/#breadcrumb\"},\"inLanguage\":\"es-AR\",\"potentialAction\":[{\"@type\":\"ReadAction\",\"target\":[\"https:\/\/xxivcac.fica.unsl.edu.ar\/index.php\/comite-cientifico\/\"]}]},{\"@type\":\"ImageObject\",\"inLanguage\":\"es-AR\",\"@id\":\"https:\/\/xxivcac.fica.unsl.edu.ar\/index.php\/comite-cientifico\/#primaryimage\",\"url\":\"https:\/\/xxivcac.fica.unsl.edu.ar\/wp-content\/uploads\/2024\/12\/Bibiana-Barbero.jpg\",\"contentUrl\":\"https:\/\/xxivcac.fica.unsl.edu.ar\/wp-content\/uploads\/2024\/12\/Bibiana-Barbero.jpg\",\"width\":360,\"height\":360},{\"@type\":\"BreadcrumbList\",\"@id\":\"https:\/\/xxivcac.fica.unsl.edu.ar\/index.php\/comite-cientifico\/#breadcrumb\",\"itemListElement\":[{\"@type\":\"ListItem\",\"position\":1,\"name\":\"Inicio\",\"item\":\"https:\/\/xxivcac.fica.unsl.edu.ar\/\"},{\"@type\":\"ListItem\",\"position\":2,\"name\":\"Comit\u00e9 Cient\u00edfico\"}]},{\"@type\":\"WebSite\",\"@id\":\"https:\/\/xxivcac.fica.unsl.edu.ar\/#website\",\"url\":\"https:\/\/xxivcac.fica.unsl.edu.ar\/\",\"name\":\"XXIV Congreso Argentino de Cat\u00e1lisis\",\"description\":\"\",\"publisher\":{\"@id\":\"https:\/\/xxivcac.fica.unsl.edu.ar\/#organization\"},\"potentialAction\":[{\"@type\":\"SearchAction\",\"target\":{\"@type\":\"EntryPoint\",\"urlTemplate\":\"https:\/\/xxivcac.fica.unsl.edu.ar\/?s={search_term_string}\"},\"query-input\":{\"@type\":\"PropertyValueSpecification\",\"valueRequired\":true,\"valueName\":\"search_term_string\"}}],\"inLanguage\":\"es-AR\"},{\"@type\":\"Organization\",\"@id\":\"https:\/\/xxivcac.fica.unsl.edu.ar\/#organization\",\"name\":\"XXIV Congreso Argentino de Cat\u00e1lisis\",\"url\":\"https:\/\/xxivcac.fica.unsl.edu.ar\/\",\"logo\":{\"@type\":\"ImageObject\",\"inLanguage\":\"es-AR\",\"@id\":\"https:\/\/xxivcac.fica.unsl.edu.ar\/#\/schema\/logo\/image\/\",\"url\":\"https:\/\/xxivcac.fica.unsl.edu.ar\/wp-content\/uploads\/2024\/12\/logo-xxivcac.png\",\"contentUrl\":\"https:\/\/xxivcac.fica.unsl.edu.ar\/wp-content\/uploads\/2024\/12\/logo-xxivcac.png\",\"width\":300,\"height\":219,\"caption\":\"XXIV Congreso Argentino de Cat\u00e1lisis\"},\"image\":{\"@id\":\"https:\/\/xxivcac.fica.unsl.edu.ar\/#\/schema\/logo\/image\/\"}}]}<\/script>\n<!-- \/ Yoast SEO plugin. -->","yoast_head_json":{"title":"Comit\u00e9 Cient\u00edfico - XXIV Congreso Argentino de Cat\u00e1lisis","robots":{"index":"index","follow":"follow","max-snippet":"max-snippet:-1","max-image-preview":"max-image-preview:large","max-video-preview":"max-video-preview:-1"},"canonical":"https:\/\/xxivcac.fica.unsl.edu.ar\/index.php\/comite-cientifico\/","og_locale":"es_ES","og_type":"article","og_title":"Comit\u00e9 Cient\u00edfico - XXIV Congreso Argentino de Cat\u00e1lisis","og_description":"Comit\u00e9 Cient\u00edfico Dra. Bibiana Barbero Presidente:Dra. Bibiana Barbero Dra. Noelia Barroso Dra. Rodriguez, Mar\u00eda Laura Vicepresidente:Dra. Noelia Barroso Vicepresidente:Dra. Mar\u00eda Laura Rodriguez Vocales: Dra. Acosta,&hellip;","og_url":"https:\/\/xxivcac.fica.unsl.edu.ar\/index.php\/comite-cientifico\/","og_site_name":"XXIV Congreso Argentino de Cat\u00e1lisis","article_modified_time":"2025-11-12T11:48:48+00:00","og_image":[{"width":360,"height":360,"url":"https:\/\/xxivcac.fica.unsl.edu.ar\/wp-content\/uploads\/2024\/12\/Bibiana-Barbero.jpg","type":"image\/jpeg"}],"twitter_card":"summary_large_image","twitter_misc":{"Tiempo de lectura":"9 minutos"},"schema":{"@context":"https:\/\/schema.org","@graph":[{"@type":"WebPage","@id":"https:\/\/xxivcac.fica.unsl.edu.ar\/index.php\/comite-cientifico\/","url":"https:\/\/xxivcac.fica.unsl.edu.ar\/index.php\/comite-cientifico\/","name":"Comit\u00e9 Cient\u00edfico - XXIV Congreso Argentino de Cat\u00e1lisis","isPartOf":{"@id":"https:\/\/xxivcac.fica.unsl.edu.ar\/#website"},"primaryImageOfPage":{"@id":"https:\/\/xxivcac.fica.unsl.edu.ar\/index.php\/comite-cientifico\/#primaryimage"},"image":{"@id":"https:\/\/xxivcac.fica.unsl.edu.ar\/index.php\/comite-cientifico\/#primaryimage"},"thumbnailUrl":"https:\/\/xxivcac.fica.unsl.edu.ar\/wp-content\/uploads\/2024\/12\/Bibiana-Barbero.jpg","datePublished":"2024-12-17T12:49:32+00:00","dateModified":"2025-11-12T11:48:48+00:00","breadcrumb":{"@id":"https:\/\/xxivcac.fica.unsl.edu.ar\/index.php\/comite-cientifico\/#breadcrumb"},"inLanguage":"es-AR","potentialAction":[{"@type":"ReadAction","target":["https:\/\/xxivcac.fica.unsl.edu.ar\/index.php\/comite-cientifico\/"]}]},{"@type":"ImageObject","inLanguage":"es-AR","@id":"https:\/\/xxivcac.fica.unsl.edu.ar\/index.php\/comite-cientifico\/#primaryimage","url":"https:\/\/xxivcac.fica.unsl.edu.ar\/wp-content\/uploads\/2024\/12\/Bibiana-Barbero.jpg","contentUrl":"https:\/\/xxivcac.fica.unsl.edu.ar\/wp-content\/uploads\/2024\/12\/Bibiana-Barbero.jpg","width":360,"height":360},{"@type":"BreadcrumbList","@id":"https:\/\/xxivcac.fica.unsl.edu.ar\/index.php\/comite-cientifico\/#breadcrumb","itemListElement":[{"@type":"ListItem","position":1,"name":"Inicio","item":"https:\/\/xxivcac.fica.unsl.edu.ar\/"},{"@type":"ListItem","position":2,"name":"Comit\u00e9 Cient\u00edfico"}]},{"@type":"WebSite","@id":"https:\/\/xxivcac.fica.unsl.edu.ar\/#website","url":"https:\/\/xxivcac.fica.unsl.edu.ar\/","name":"XXIV Congreso Argentino de Cat\u00e1lisis","description":"","publisher":{"@id":"https:\/\/xxivcac.fica.unsl.edu.ar\/#organization"},"potentialAction":[{"@type":"SearchAction","target":{"@type":"EntryPoint","urlTemplate":"https:\/\/xxivcac.fica.unsl.edu.ar\/?s={search_term_string}"},"query-input":{"@type":"PropertyValueSpecification","valueRequired":true,"valueName":"search_term_string"}}],"inLanguage":"es-AR"},{"@type":"Organization","@id":"https:\/\/xxivcac.fica.unsl.edu.ar\/#organization","name":"XXIV Congreso Argentino de Cat\u00e1lisis","url":"https:\/\/xxivcac.fica.unsl.edu.ar\/","logo":{"@type":"ImageObject","inLanguage":"es-AR","@id":"https:\/\/xxivcac.fica.unsl.edu.ar\/#\/schema\/logo\/image\/","url":"https:\/\/xxivcac.fica.unsl.edu.ar\/wp-content\/uploads\/2024\/12\/logo-xxivcac.png","contentUrl":"https:\/\/xxivcac.fica.unsl.edu.ar\/wp-content\/uploads\/2024\/12\/logo-xxivcac.png","width":300,"height":219,"caption":"XXIV Congreso Argentino de Cat\u00e1lisis"},"image":{"@id":"https:\/\/xxivcac.fica.unsl.edu.ar\/#\/schema\/logo\/image\/"}}]}},"_links":{"self":[{"href":"https:\/\/xxivcac.fica.unsl.edu.ar\/index.php\/wp-json\/wp\/v2\/pages\/122","targetHints":{"allow":["GET"]}}],"collection":[{"href":"https:\/\/xxivcac.fica.unsl.edu.ar\/index.php\/wp-json\/wp\/v2\/pages"}],"about":[{"href":"https:\/\/xxivcac.fica.unsl.edu.ar\/index.php\/wp-json\/wp\/v2\/types\/page"}],"author":[{"embeddable":true,"href":"https:\/\/xxivcac.fica.unsl.edu.ar\/index.php\/wp-json\/wp\/v2\/users\/1"}],"replies":[{"embeddable":true,"href":"https:\/\/xxivcac.fica.unsl.edu.ar\/index.php\/wp-json\/wp\/v2\/comments?post=122"}],"version-history":[{"count":118,"href":"https:\/\/xxivcac.fica.unsl.edu.ar\/index.php\/wp-json\/wp\/v2\/pages\/122\/revisions"}],"predecessor-version":[{"id":847,"href":"https:\/\/xxivcac.fica.unsl.edu.ar\/index.php\/wp-json\/wp\/v2\/pages\/122\/revisions\/847"}],"wp:attachment":[{"href":"https:\/\/xxivcac.fica.unsl.edu.ar\/index.php\/wp-json\/wp\/v2\/media?parent=122"}],"curies":[{"name":"wp","href":"https:\/\/api.w.org\/{rel}","templated":true}]}}